{"id":8,"date":"2016-04-04T21:56:01","date_gmt":"2016-04-04T21:56:01","guid":{"rendered":"http:\/\/yoursite.com\/nine\/?page_id=8"},"modified":"2026-03-05T18:57:10","modified_gmt":"2026-03-05T18:57:10","slug":"homepage-app","status":"publish","type":"page","link":"https:\/\/revistailustrar.com.br\/en\/","title":{"rendered":"Revista Ilustrar"},"content":{"rendered":"<div class=\"wpb-content-wrapper\"><p>[vc_row row_type=&#8221;full_width&#8221; type=&#8221;container&#8221; bg_select=&#8221;bg_parallax&#8221; parallax_speed=&#8221;0&#8243; bg_color=&#8221;#ffffff&#8221; p_top=&#8221;200&#8243;][vc_column width=&#8221;1\/2&#8243; font_color=&#8221;#ffffff&#8221; p_bottom=&#8221;30&#8243; p_top=&#8221;4%&#8221;]<div class=\"wbc-heading clearfix\"><h1 class=\"special-heading-2 md-responsive-text-40\" style=\"font-size:55px;color:#000000;\"><strong>Ilustrar Magazine<\/strong>,<\/h1><\/div><div class=\"wbc-heading clearfix\"><h1 class=\"special-heading-2 md-responsive-text-40\" style=\"font-size:55px;color:#000000;margin-bottom:20px;\">The best illustration magazine.<br \/>\nFor those who love illustration.<\/h1><\/div><div class=\"wbc-heading clearfix\"><h3 class=\"special-heading-1\" style=\"font-size:17px;color:#000000;margin-bottom:50px;\">You'll love Ilustrar. It's free, just download the PDF file. Simple, easy and all yours.<\/h3><\/div><div class=\"wbc-color-box clearfix\" style=\"margin-left:-8px;\"><\/div>[\/vc_column][vc_column width=&#8221;1\/2&#8243;][vc_single_image image=&#8221;173&#8243; img_size=&#8221;full&#8221; alignment=&#8221;center&#8221;][\/vc_column][vc_column][vc_empty_space height=&#8221;200px&#8221;][\/vc_column][\/vc_row][vc_row row_type=&#8221;full_width&#8221; type=&#8221;container&#8221; bg_select=&#8221;bg_color_section&#8221; p_top=&#8221;70&#8243; p_bottom=&#8221;70&#8243; border_color=&#8221;#ffffff&#8221; anchor=&#8221;about&#8221;][vc_column]<div class=\"wbc-heading clearfix\"><h1 class=\"special-heading-2\" style=\"font-size:50px;text-align:center;margin-bottom:0px;margin-right:auto;margin-left:auto;max-width:600px;\"><strong>About The Magazine<\/strong><\/h1><\/div><hr class=\"wbc-hr\" style=\"background-color:#000000;width:80px;height:4px;\" \/><div class=\"wbc-heading clearfix\"><h2 class=\"default-heading\" style=\"font-size:15px;text-align:center;margin-bottom:50px;margin-right:auto;margin-left:auto;max-width:770px;\">Ilustrar Magazine<\/h2><\/div>[\/vc_column][vc_column offset=&#8221;vc_col-md-4&#8243;][vc_empty_space height=&#8221;80px&#8221;]<div class=\"wbc-icon-box clearfix icon-right\" ><div class=\"wbc-icon-wrapper wbc-icon-style-2 icon-circle\" ><span class=\"wbc-icon\" ><i class=\"wbc-font-icon et-icon-mobile\"><\/i><\/span><\/div>\n<div class=\"wbc-box-content\"><h4 >HQ MIX<\/h4><p>&#8211; A Revista Ilustrar \u00e9 a \u00fanica publica\u00e7\u00e3o do g\u00eanero a ganhar o pr\u00eamio HQMix, o mais importante pr\u00eamio na \u00e1rea gr\u00e1fica do Brasil.<br \/>\nE pronta pra voc\u00ea!<\/p>\n<\/div><\/div><div class=\"wbc-icon-box clearfix icon-right\" ><div class=\"wbc-icon-wrapper wbc-icon-style-2 icon-circle\" ><span class=\"wbc-icon\" ><i class=\"wbc-font-icon et-icon-video\"><\/i><\/span><\/div>\n<div class=\"wbc-box-content\"><h4 >Contents<\/h4><p>&#8211; Over 160 interviews,<br \/>\nwith artists from 23 countries&#8230; and growing.<\/p>\n<\/div><\/div><div class=\"wbc-icon-box clearfix icon-right\" ><div class=\"wbc-icon-wrapper wbc-icon-style-2 icon-circle\" ><span class=\"wbc-icon\" ><i class=\"wbc-font-icon et-icon-tools\"><\/i><\/span><\/div>\n<div class=\"wbc-box-content\"><h4 >Original<\/h4><p>&#8211; All articles are original,<br \/>\nresearched and prepared by us.<\/p>\n<\/div><\/div>[\/vc_column][vc_column offset=&#8221;vc_col-md-4&#8243;][vc_single_image image=&#8221;174&#8243; img_size=&#8221;full&#8221; alignment=&#8221;center&#8221; css_animation=&#8221;bottom-to-top&#8221;][\/vc_column][vc_column offset=&#8221;vc_col-md-4&#8243;][vc_empty_space height=&#8221;80px&#8221;]<div class=\"wbc-icon-box clearfix\" ><div class=\"wbc-icon-wrapper wbc-icon-style-2 icon-circle\" ><span class=\"wbc-icon\" ><i class=\"wbc-font-icon et-icon-gift\"><\/i><\/span><\/div>\n<div class=\"wbc-box-content\"><h4 >Exclusivity<\/h4><p>&#8211; The only publication with original dedications from all participants \u2013 Benicio, Drew Struzan, Bart Forbes, Brad Holland, Kim Jung-Gi and many, many others&#8230; check it out.<\/p>\n<\/div><\/div><div class=\"wbc-icon-box clearfix\" ><div class=\"wbc-icon-wrapper wbc-icon-style-2 icon-circle\" ><span class=\"wbc-icon\" ><i class=\"wbc-font-icon et-icon-hotairballoon\"><\/i><\/span><\/div>\n<div class=\"wbc-box-content\"><h4 >Visibility<\/h4><p>&#8211; We are on wikipedia! (by now just in Portuguese)<br \/>\n<a href=\"https:\/\/pt.wikipedia.org\/wiki\/Revista_Ilustrar\" target=\"_blank\" rel=\"noopener noreferrer\">https:\/\/pt.wikipedia.org\/wiki\/Revista_Ilustrar<\/a><\/p>\n<\/div><\/div><div class=\"wbc-icon-box clearfix\" ><div class=\"wbc-icon-wrapper wbc-icon-style-2 icon-circle\" ><span class=\"wbc-icon\" ><i class=\"wbc-font-icon et-icon-beaker\"><\/i><\/span><\/div>\n<div class=\"wbc-box-content\"><h4 >Shared<\/h4><p>&#8211; And finally, the magazine is beautiful, and it&#8217;s yours!<br \/>\nAnd the download is free!!<\/p>\n<\/div><\/div>[\/vc_column][vc_column][vc_empty_space height=&#8221;64px&#8221;][\/vc_column][\/vc_row][vc_row row_type=&#8221;full_width&#8221; type=&#8221;container&#8221; p_top=&#8221;70&#8243; p_bottom=&#8221;2&#8243; anchor=&#8221;ilustrarmagazine&#8221;][vc_column]<div class=\"wbc-heading clearfix\"><h1 class=\"special-heading-2\" style=\"font-size:50px;text-align:center;margin-bottom:0px;margin-right:auto;margin-left:auto;max-width:600px;\"><strong>Ilustrar Magazine<\/strong><\/h1><\/div><hr class=\"wbc-hr\" style=\"background-color:#000000;width:80px;height:4px;\" \/><div class=\"wbc-heading clearfix\"><h2 class=\"default-heading\" style=\"font-size:15px;text-align:center;margin-bottom:50px;margin-right:auto;margin-left:auto;max-width:770px;\">All original issues are in Portuguese, but soon we will have them in English too... just download and enjoy!<\/h2><\/div>[\/vc_column][vc_column width=&#8221;1\/5&#8243;][vc_single_image image=&#8221;1029&#8243; img_size=&#8221;full&#8221; alignment=&#8221;center&#8221; style=&#8221;vc_box_outline&#8221; onclick=&#8221;link_image&#8221; css_animation=&#8221;top-to-bottom&#8221; css=&#8221;&#8221;][vc_btn title=&#8221;FREE DOWNLOAD .PDF&#8221; color=&#8221;danger&#8221; size=&#8221;sm&#8221; align=&#8221;center&#8221; css_animation=&#8221;fadeIn&#8221; css=&#8221;&#8221; link=&#8221;url:https%3A%2F%2Frevistailustrar.com.br%2Fwp-content%2Fuploads%2F2026%2F03%2Filustrar-54-English.pdf|target:_blank&#8221;][vc_column_text css=&#8221;&#8221;]<\/p>\n<h4 style=\"text-align: center;\"><strong>Issue 54<\/strong><\/h4>\n<p style=\"text-align: center;\"><strong>SPECIAL EDITION<br \/>\nTATTOO<\/strong><\/p>\n<p>[\/vc_column_text][\/vc_column][vc_column width=&#8221;1\/5&#8243;][vc_single_image image=&#8221;1016&#8243; img_size=&#8221;full&#8221; alignment=&#8221;center&#8221; style=&#8221;vc_box_outline&#8221; onclick=&#8221;link_image&#8221; css_animation=&#8221;top-to-bottom&#8221; css=&#8221;&#8221;][vc_btn title=&#8221;FREE DOWNLOAD .PDF&#8221; color=&#8221;danger&#8221; size=&#8221;sm&#8221; align=&#8221;center&#8221; css_animation=&#8221;fadeIn&#8221; css=&#8221;&#8221; link=&#8221;url:https%3A%2F%2Frevistailustrar.com.br%2Fwp-content%2Fuploads%2F2025%2F11%2Filustrar-magazine-53-ENG.pdf|target:_blank&#8221;][vc_column_text css=&#8221;&#8221;]<\/p>\n<h4 style=\"text-align: center;\"><strong>Issue 53<\/strong><\/h4>\n<h4 style=\"text-align: center;\"><a href=\"https:\/\/www.danielgarciaart.com\/\" target=\"_blank\" rel=\"noopener\">Daniel Garcia<\/a><br \/>\n<a href=\"https:\/\/www.behance.net\/lalanbessoni\" target=\"_blank\" rel=\"noopener\">Lalan Bessoni<\/a><br \/>\n<a href=\"https:\/\/www.casaro-renato-art.com\/en\/\" target=\"_blank\" rel=\"noopener\">Renato Cassari<\/a><br \/>\n<a href=\"https:\/\/www.instagram.com\/attilio.art\/\" target=\"_blank\" rel=\"noopener\">Attilio de Oliveira<\/a><br \/>\n<a href=\"https:\/\/www.jmduvivier.com\/\" target=\"_blank\" rel=\"noopener\">Jean-Manuel Duvivier<\/a><\/h4>\n<p>[\/vc_column_text][\/vc_column][vc_column width=&#8221;1\/5&#8243;][vc_single_image image=&#8221;997&#8243; img_size=&#8221;full&#8221; alignment=&#8221;center&#8221; style=&#8221;vc_box_outline&#8221; onclick=&#8221;link_image&#8221; css_animation=&#8221;top-to-bottom&#8221; css=&#8221;&#8221;][vc_btn title=&#8221;FREE DOWNLOAD .PDF&#8221; color=&#8221;danger&#8221; size=&#8221;sm&#8221; align=&#8221;center&#8221; css_animation=&#8221;fadeIn&#8221; css=&#8221;&#8221; link=&#8221;url:https%3A%2F%2Frevistailustrar.com.br%2Fwp-content%2Fuploads%2F2025%2F08%2FIlustrar-Magazine-52-ENG.pdf|target:_blank&#8221;][vc_column_text css=&#8221;&#8221;]<\/p>\n<h4 style=\"text-align: center;\"><strong>Issue 52<\/strong><\/h4>\n<h4 style=\"text-align: center;\"><a href=\"https:\/\/gustavorinaldi.net\/\" target=\"_blank\" rel=\"noopener\">Gustavo Rinaldi<\/a><br \/>\n<a href=\"https:\/\/www.instagram.com\/marcus_claudio\/\" target=\"_blank\" rel=\"noopener\">Marcus Claudio Uva<\/a><br \/>\n<a href=\"https:\/\/beatrixpottersociety.org.uk\/\" target=\"_blank\" rel=\"noopener\">Beatrix Potter<\/a><br \/>\n<a href=\"https:\/\/maristane.artstation.com\/\" target=\"_blank\" rel=\"noopener\">Victor Maristane<\/a><br \/>\n<a href=\"https:\/\/www.instagram.com\/mikedeodato\/\" target=\"_blank\" rel=\"noopener\">Mike Deodato<\/a><\/h4>\n<p>[\/vc_column_text][\/vc_column][vc_column width=&#8221;1\/5&#8243;][vc_single_image image=&#8221;989&#8243; img_size=&#8221;full&#8221; alignment=&#8221;center&#8221; style=&#8221;vc_box_outline&#8221; onclick=&#8221;link_image&#8221; css_animation=&#8221;top-to-bottom&#8221; css=&#8221;&#8221;][vc_btn title=&#8221;FREE DOWNLOAD .PDF&#8221; color=&#8221;danger&#8221; size=&#8221;sm&#8221; align=&#8221;center&#8221; css_animation=&#8221;fadeIn&#8221; css=&#8221;&#8221; link=&#8221;url:https%3A%2F%2Frevistailustrar.com.br%2Fwp-content%2Fuploads%2F2025%2F05%2FIlustrar-Magazine-51-ENG.pdf|target:_blank&#8221;][vc_column_text css=&#8221;&#8221;]<\/p>\n<h4 style=\"text-align: center;\"><strong>Issue 51<\/strong><\/h4>\n<h4 style=\"text-align: center;\"><a href=\"https:\/\/www.superludico.com\/\" target=\"_blank\" rel=\"noopener\">Maike Bispo<\/a><br \/>\n<a href=\"https:\/\/www.instagram.com\/sketchviews\" target=\"_blank\" rel=\"noopener\">Carlos Almeida<\/a><br \/>\n<a href=\"https:\/\/en.wikipedia.org\/wiki\/Paul_Renner\" target=\"_blank\" rel=\"noopener\">Paul Renner<\/a><br \/>\n<a href=\"https:\/\/mramosart.com\/\" target=\"_blank\" rel=\"noopener\">Marcio Ramos<\/a><br \/>\n<a href=\"https:\/\/www.ibeananabart.com\/\" target=\"_blank\" rel=\"noopener\">Ibe Ananaba<\/a><\/h4>\n<p>[\/vc_column_text][\/vc_column][vc_column width=&#8221;1\/5&#8243;][vc_single_image image=&#8221;966&#8243; img_size=&#8221;full&#8221; alignment=&#8221;center&#8221; style=&#8221;vc_box_outline&#8221; onclick=&#8221;link_image&#8221; css_animation=&#8221;top-to-bottom&#8221; css=&#8221;&#8221;][vc_btn title=&#8221;FREE DOWNLOAD .PDF&#8221; color=&#8221;danger&#8221; size=&#8221;sm&#8221; align=&#8221;center&#8221; css_animation=&#8221;fadeIn&#8221; css=&#8221;&#8221; link=&#8221;url:https%3A%2F%2Frevistailustrar.com.br%2Fwp-content%2Fuploads%2F2025%2F01%2FIlustrar-Magazine-50-ENG.pdf|target:_blank&#8221;][vc_column_text css=&#8221;&#8221;]<\/p>\n<h4 style=\"text-align: center;\"><strong>Issue 50\u00a0<\/strong><\/h4>\n<p>[\/vc_column_text][\/vc_column][\/vc_row][vc_row row_type=&#8221;full_width&#8221; type=&#8221;container&#8221; p_top=&#8221;2&#8243; p_bottom=&#8221;2&#8243; anchor=&#8221;revista&#8221;][vc_column width=&#8221;1\/5&#8243;][vc_single_image image=&#8221;936&#8243; img_size=&#8221;full&#8221; alignment=&#8221;center&#8221; style=&#8221;vc_box_outline&#8221; onclick=&#8221;link_image&#8221; css_animation=&#8221;top-to-bottom&#8221; css=&#8221;&#8221;][vc_btn title=&#8221;FREE DOWNLOAD .PDF&#8221; color=&#8221;danger&#8221; size=&#8221;sm&#8221; align=&#8221;center&#8221; css_animation=&#8221;fadeIn&#8221; css=&#8221;&#8221; link=&#8221;url:https%3A%2F%2Frevistailustrar.com.br%2Fwp-content%2Fuploads%2F2024%2F10%2FIlustrar-Magazine-49-ENG.pdf|target:_blank&#8221;][vc_column_text css=&#8221;&#8221;]<\/p>\n<h4 style=\"text-align: center;\"><strong>Issue 49\u00a0<\/strong><\/h4>\n<h4 style=\"text-align: center;\"><a href=\"https:\/\/www.rodmafra.com\/\" target=\"_blank\" rel=\"noopener\">Rodrigo Mafra<\/a><br \/>\n<a href=\"https:\/\/en.wikipedia.org\/wiki\/J._M._W._Turner\" target=\"_blank\" rel=\"noopener\">Willian Turner<\/a><br \/>\n<a href=\"https:\/\/www.williamrochfort.com\/\" target=\"_blank\" rel=\"noopener\">William Rochfort<\/a><br \/>\n<a href=\"https:\/\/johnnicklestudio.com\/\" target=\"_blank\" rel=\"noopener\">John Nickle<\/a><\/h4>\n<p>[\/vc_column_text][\/vc_column][vc_column width=&#8221;1\/5&#8243;][vc_single_image image=&#8221;918&#8243; img_size=&#8221;full&#8221; alignment=&#8221;center&#8221; style=&#8221;vc_box_outline&#8221; onclick=&#8221;link_image&#8221; css_animation=&#8221;top-to-bottom&#8221;][vc_btn title=&#8221;FREE DOWNLOAD .PDF&#8221; color=&#8221;danger&#8221; size=&#8221;sm&#8221; align=&#8221;center&#8221; css_animation=&#8221;fadeIn&#8221; link=&#8221;url:https%3A%2F%2Frevistailustrar.com.br%2Fwp-content%2Fuploads%2F2024%2F07%2FIlustrar-Magazine-48-ENG.pdf|target:_blank&#8221;][vc_column_text css=&#8221;&#8221;]<\/p>\n<h4 style=\"text-align: center;\"><strong>Issue 48\u00a0<\/strong><\/h4>\n<h4 style=\"text-align: center;\"><a href=\"https:\/\/www.carolnazatto.com\/\" target=\"_blank\" rel=\"noopener\">Carol Nazatto<\/a><br \/>\n<a href=\"https:\/\/www.martinfrench.com\/\" target=\"_blank\" rel=\"noopener\">Martin French<\/a><br \/>\n<a href=\"https:\/\/www.simonedemoraes.com\/\" target=\"_blank\" rel=\"noopener\">Simone de Moraes<\/a><br \/>\n<a href=\"https:\/\/www.behance.net\/lassmar\" target=\"_blank\" rel=\"noopener\">Leandro Lassmar<\/a><\/h4>\n<p>[\/vc_column_text][\/vc_column][vc_column width=&#8221;1\/5&#8243;][vc_single_image image=&#8221;906&#8243; img_size=&#8221;full&#8221; alignment=&#8221;center&#8221; style=&#8221;vc_box_outline&#8221; onclick=&#8221;link_image&#8221; css_animation=&#8221;top-to-bottom&#8221;][vc_btn title=&#8221;FREE DOWNLOAD .PDF&#8221; color=&#8221;danger&#8221; size=&#8221;sm&#8221; align=&#8221;center&#8221; css_animation=&#8221;fadeIn&#8221; link=&#8221;url:https%3A%2F%2Frevistailustrar.com.br%2Fwp-content%2Fuploads%2F2024%2F04%2FIlustrar-Magazine-47-ENG.pdf|target:_blank&#8221;][vc_column_text css=&#8221;&#8221;]<\/p>\n<h4 style=\"text-align: center;\"><strong>Issue 47\u00a0<\/strong><\/h4>\n<h4 style=\"text-align: center;\"><a href=\"https:\/\/www.jefflangevin.com\/\" target=\"_blank\" rel=\"noopener\">Jeff Langevin<\/a><br \/>\n<a href=\"https:\/\/www.studiojsa.com\/\" target=\"_blank\" rel=\"noopener\">Jason Shan Alexander<\/a><br \/>\n<a href=\"https:\/\/www.behance.net\/williansantiago\" target=\"_blank\" rel=\"noopener\">Willian Santiago<\/a><br \/>\n<a href=\"https:\/\/www.instagram.com\/adilsonfarias\/\" target=\"_blank\" rel=\"noopener\">Adilson Farias<\/a><br \/>\n<a href=\"https:\/\/ruideoliveira.com.br\/br\/\" target=\"_blank\" rel=\"noopener\">Rui de Oliveira<\/a><\/h4>\n<p>[\/vc_column_text][\/vc_column][vc_column width=&#8221;1\/5&#8243;][vc_single_image image=&#8221;891&#8243; img_size=&#8221;full&#8221; alignment=&#8221;center&#8221; style=&#8221;vc_box_outline&#8221; onclick=&#8221;link_image&#8221; css_animation=&#8221;top-to-bottom&#8221;][vc_btn title=&#8221;FREE DOWNLOAD .PDF&#8221; color=&#8221;danger&#8221; size=&#8221;sm&#8221; align=&#8221;center&#8221; css_animation=&#8221;fadeIn&#8221; link=&#8221;url:https%3A%2F%2Frevistailustrar.com.br%2Fwp-content%2Fuploads%2F2024%2F01%2FIlustrar-Magazine-46-ENG.pdf|target:_blank&#8221;][vc_column_text]<\/p>\n<h4 style=\"text-align: center;\"><strong>Issue 46\u00a0<\/strong><\/h4>\n<h4 style=\"text-align: center;\"><a href=\"https:\/\/www.instagram.com\/elias_silveira_arte\/\" target=\"_blank\" rel=\"noopener\">Elias Silveira<\/a><br \/>\n<a href=\"https:\/\/www.margheritapremuroso.com\/\" target=\"_blank\" rel=\"noopener\">Margherita Premuroso<\/a><br \/>\n<a href=\"https:\/\/carlsagan.com\/\" target=\"_blank\" rel=\"noopener\">Carl Sagan<\/a><br \/>\n<a href=\"https:\/\/www.instagram.com\/tarcilaneves\/\" target=\"_blank\" rel=\"noopener\">Tarcila Neves<\/a><br \/>\n<a href=\"https:\/\/folioart.co.uk\/illustrator\/syd-brak\/\" target=\"_blank\" rel=\"noopener\">Syd Brak<\/a><br \/>\n<a href=\"https:\/\/www.instagram.com\/rogerio_coelho_illustration\/\" target=\"_blank\" rel=\"noopener\">Rog\u00e9rio Coelho<\/a><\/h4>\n<p>[\/vc_column_text][\/vc_column][vc_column width=&#8221;1\/5&#8243;][vc_single_image image=&#8221;837&#8243; img_size=&#8221;full&#8221; alignment=&#8221;center&#8221; style=&#8221;vc_box_outline&#8221; onclick=&#8221;link_image&#8221; css_animation=&#8221;top-to-bottom&#8221;][vc_btn title=&#8221;FREE DOWNLOAD .PDF&#8221; color=&#8221;danger&#8221; size=&#8221;sm&#8221; align=&#8221;center&#8221; css_animation=&#8221;fadeIn&#8221; link=&#8221;url:https%3A%2F%2Frevistailustrar.com.br%2Fwp-content%2Fuploads%2F2023%2F10%2FIlustrar-Magazine-45-ENG.pdf|target:_blank&#8221;][vc_column_text]<\/p>\n<h4 style=\"text-align: center;\"><strong>Issue 45\u00a0<\/strong><\/h4>\n<h4 style=\"text-align: center;\"><a href=\"https:\/\/rafaelnobre.com\/\" target=\"_blank\" rel=\"noopener\">Rafael Nobre<\/a><br \/>\n<a href=\"https:\/\/www.instagram.com\/90gram\/\" target=\"_blank\" rel=\"noopener\">Seungbin Jeong<\/a><br \/>\n<a href=\"https:\/\/www.ricardoantunesdesign.com\/\" target=\"_blank\" rel=\"noopener\">Ricardo Antunes<\/a><br \/>\n<a href=\"https:\/\/www.fitnyc.edu\/\" target=\"_blank\" rel=\"noopener\">Fashion Institute of Technology<\/a><\/h4>\n<p>[\/vc_column_text][\/vc_column][\/vc_row][vc_row row_type=&#8221;full_width&#8221; type=&#8221;container&#8221; p_top=&#8221;2&#8243; p_bottom=&#8221;2&#8243; anchor=&#8221;revista&#8221;][vc_column width=&#8221;1\/5&#8243;][vc_single_image image=&#8221;824&#8243; img_size=&#8221;full&#8221; alignment=&#8221;center&#8221; style=&#8221;vc_box_outline&#8221; onclick=&#8221;link_image&#8221; css_animation=&#8221;top-to-bottom&#8221;][vc_btn title=&#8221;FREE DOWNLOAD .PDF&#8221; color=&#8221;danger&#8221; size=&#8221;sm&#8221; align=&#8221;center&#8221; css_animation=&#8221;fadeIn&#8221; link=&#8221;url:https%3A%2F%2Frevistailustrar.com.br%2Fwp-content%2Fuploads%2F2023%2F07%2Filustrar-magazine-44-ENG.pdf|target:_blank&#8221;][vc_column_text]<\/p>\n<h4 style=\"text-align: center;\"><strong>Issue 44\u00a0<\/strong><\/h4>\n<h4 style=\"text-align: center;\"><a href=\"https:\/\/www.artstation.com\/alexhanukafast\" target=\"_blank\" rel=\"noopener\">Alexandra Fastovets<\/a><br \/>\n<a href=\"https:\/\/www.instagram.com\/otaldotainan\/\" target=\"_blank\" rel=\"noopener\">Tainan Rocha<\/a><br \/>\n<a href=\"https:\/\/www.behance.net\/alesantos\" target=\"_blank\" rel=\"noopener\">Alexandre Santos<\/a><br \/>\n<a href=\"https:\/\/tsevis.com\/\" target=\"_blank\" rel=\"noopener\">Charis Tsevis<\/a><\/h4>\n<p>[\/vc_column_text][\/vc_column][vc_column width=&#8221;1\/5&#8243;][vc_single_image image=&#8221;802&#8243; img_size=&#8221;full&#8221; alignment=&#8221;center&#8221; style=&#8221;vc_box_outline&#8221; onclick=&#8221;link_image&#8221; css_animation=&#8221;top-to-bottom&#8221;][vc_btn title=&#8221;FREE DOWNLOAD .PDF&#8221; color=&#8221;danger&#8221; size=&#8221;sm&#8221; align=&#8221;center&#8221; css_animation=&#8221;fadeIn&#8221; link=&#8221;url:https%3A%2F%2Frevistailustrar.com.br%2Fwp-content%2Fuploads%2F2023%2F03%2Filustrar-magazine-43-ENG.pdf&#8221;][vc_column_text]<\/p>\n<h4 style=\"text-align: center;\"><strong>Issue 43\u00a0<\/strong><\/h4>\n<h4 style=\"text-align: center;\"><a href=\"https:\/\/lalanbessoni.com\/\" target=\"_blank\" rel=\"noopener\">Lalan Bessoni<\/a><br \/>\n<a href=\"https:\/\/www.instagram.com\/rafsarmento\/\" target=\"_blank\" rel=\"noopener\">Rafael Sarmento<\/a><br \/>\n<a href=\"https:\/\/www.instagram.com\/ricardo.actus\/\" target=\"_blank\" rel=\"noopener\">Ricardo Actus<\/a><br \/>\n<a href=\"https:\/\/www.semykina.com\/\" target=\"_blank\" rel=\"noopener\">Victoria Semykina<\/a><br \/>\n<a href=\"https:\/\/anthonyfreda.com\/\" target=\"_blank\" rel=\"noopener\">Anthony Freda<\/a><\/h4>\n<p>[\/vc_column_text][\/vc_column][vc_column width=&#8221;1\/5&#8243;][vc_single_image image=&#8221;744&#8243; img_size=&#8221;full&#8221; alignment=&#8221;center&#8221; style=&#8221;vc_box_outline&#8221; onclick=&#8221;link_image&#8221; css_animation=&#8221;top-to-bottom&#8221;][vc_btn title=&#8221;FREE DOWNLOAD .PDF&#8221; color=&#8221;danger&#8221; size=&#8221;sm&#8221; align=&#8221;center&#8221; css_animation=&#8221;fadeIn&#8221; link=&#8221;url:https%3A%2F%2Frevistailustrar.com.br%2Fwp-content%2Fuploads%2F2022%2F12%2Filustrar-Magazine-42-eng.pdf|target:_blank&#8221;][vc_column_text]<\/p>\n<h4 style=\"text-align: center;\"><strong>Issue 42<\/strong><\/h4>\n<h4 style=\"text-align: center;\"><a href=\"https:\/\/www.takiguthi.com.br\/\" target=\"_blank\" rel=\"noopener\">Mauricio Takiguthi<\/a><br \/>\n<a href=\"http:\/\/www.waldomironeto.com\/\" target=\"_blank\" rel=\"noopener\">Waldomiro Neto<\/a><br \/>\n<a href=\"http:\/\/www.tallaricobenaghi.com.ar\/\" target=\"_blank\" rel=\"noopener\">Catriel Tallarico<\/a><br \/>\n<a href=\"https:\/\/www.instagram.com\/joseluizbenicio\/\" target=\"_blank\" rel=\"noopener\">Benicio<\/a><br \/>\n<a href=\"https:\/\/ilustragomes.artstation.com\/\" target=\"_blank\" rel=\"noopener\">Marcelo Gomes<\/a><br \/>\n<a href=\"https:\/\/www.facebook.com\/philippe.scoffoni.3\" target=\"_blank\" rel=\"noopener\">Philippe Scoffoni<\/a><br \/>\n<a href=\"https:\/\/webersonsantiago.com\/\" target=\"_blank\" rel=\"noopener\">Weberson Santiago<\/a><br \/>\n<a href=\"https:\/\/mramosart.com\/\" target=\"_blank\" rel=\"noopener\">Marcio Ramos<\/a><\/h4>\n<p>[\/vc_column_text][\/vc_column][vc_column width=&#8221;1\/5&#8243;][vc_single_image image=&#8221;694&#8243; img_size=&#8221;full&#8221; alignment=&#8221;center&#8221; style=&#8221;vc_box_outline&#8221; onclick=&#8221;link_image&#8221; css_animation=&#8221;right-to-left&#8221;][vc_btn title=&#8221;FREE DOWNLOAD .PDF&#8221; color=&#8221;danger&#8221; size=&#8221;sm&#8221; align=&#8221;center&#8221; css_animation=&#8221;fadeIn&#8221; link=&#8221;url:https%3A%2F%2Frevistailustrar.com.br%2Fwp-content%2Fuploads%2F2022%2F08%2Filustrar_41-eng.pdf|target:_blank&#8221;][vc_column_text]<\/p>\n<h4 style=\"text-align: center;\"><strong>Issue 41\u00a0<\/strong><\/h4>\n<h4 style=\"text-align: center;\"><a href=\"https:\/\/www.behance.net\/adilsonfarias\" target=\"_blank\" rel=\"noopener\">Adilson Farias<\/a><br \/>\n<a href=\"https:\/\/stefanmarjoram.com\/\" target=\"_blank\" rel=\"noopener\">Stefan Marjoram<\/a><br \/>\n<a href=\"https:\/\/www.artstation.com\/lucasleibholz\" target=\"_blank\" rel=\"noopener\">Lucas Leibholz<\/a><br \/>\n<a href=\"https:\/\/albertocasagrande.com\/\" target=\"_blank\" rel=\"noopener\">Alberto Casagrande<\/a><\/h4>\n<p>[\/vc_column_text][\/vc_column][vc_column width=&#8221;1\/5&#8243;][vc_single_image image=&#8221;665&#8243; img_size=&#8221;full&#8221; alignment=&#8221;center&#8221; style=&#8221;vc_box_outline&#8221; onclick=&#8221;link_image&#8221; css_animation=&#8221;right-to-left&#8221;][vc_btn title=&#8221;FREE DOWNLOAD .PDF&#8221; color=&#8221;danger&#8221; size=&#8221;sm&#8221; align=&#8221;center&#8221; css_animation=&#8221;fadeIn&#8221; link=&#8221;url:https%3A%2F%2Frevistailustrar.com.br%2Fwp-content%2Fuploads%2F2022%2F04%2Filustrar_40-english.pdf|target:_blank&#8221;][vc_column_text]<\/p>\n<h4 style=\"text-align: center;\"><strong>Issue 40\u00a0<\/strong><\/h4>\n<h4 style=\"text-align: center;\"><a href=\"https:\/\/johanneswessmark.se\/\" target=\"_blank\" rel=\"noopener\">Johannes Wessmark<\/a><br \/>\n<a href=\"https:\/\/www.instagram.com\/joseluizbenicio\/\" target=\"_blank\" rel=\"noopener\">Benicio<\/a><br \/>\n<a href=\"https:\/\/fabiocorazza.com\/\" target=\"_blank\" rel=\"noopener\">Fabio Corazza<\/a><br \/>\nRog\u00e9rio Pedro<br \/>\n<a href=\"https:\/\/marugodas.com\/\" target=\"_blank\" rel=\"noopener\">Maru Godas<\/a><\/h4>\n<p>[\/vc_column_text][\/vc_column][\/vc_row][vc_row row_type=&#8221;full_width&#8221; type=&#8221;container&#8221; p_top=&#8221;2&#8243; p_bottom=&#8221;2&#8243; anchor=&#8221;revista&#8221;][vc_column width=&#8221;1\/5&#8243;][vc_single_image image=&#8221;535&#8243; img_size=&#8221;full&#8221; alignment=&#8221;center&#8221; style=&#8221;vc_box_outline&#8221; onclick=&#8221;link_image&#8221; css_animation=&#8221;left-to-right&#8221;][vc_btn title=&#8221;FREE DOWNLOAD .PDF&#8221; color=&#8221;danger&#8221; size=&#8221;sm&#8221; align=&#8221;center&#8221; css_animation=&#8221;fadeIn&#8221; link=&#8221;url:https%3A%2F%2Frevistailustrar.com.br%2Fwp-content%2Fuploads%2F2022%2F04%2Filustrar_39-english.pdf|target:_blank&#8221;][vc_column_text css=&#8221;&#8221;]<\/p>\n<h4 style=\"text-align: center;\"><strong>Issue 39\u00a0<\/strong><\/h4>\n<h4 style=\"text-align: center;\"><a href=\"https:\/\/www.dominikmayer.art\/\" target=\"_blank\" rel=\"noopener\">Dominik Mayer<\/a><br \/>\n<a href=\"https:\/\/www.instagram.com\/otonigalirosa\/\" target=\"_blank\" rel=\"noopener\">Otoni Gali Rosa<\/a><br \/>\n<a href=\"https:\/\/www.instagram.com\/cris.eich\/\" target=\"_blank\" rel=\"noopener\">Cris Eich<\/a><br \/>\n<a href=\"https:\/\/www.instagram.com\/joseluizbenicio\/\" target=\"_blank\" rel=\"noopener\">Carlos Ara\u00fajo<\/a><br \/>\n<a href=\"https:\/\/en.wikipedia.org\/wiki\/Ludwig_Hohlwein\" target=\"_blank\" rel=\"noopener\">Ludwig Hohlwein<\/a><br \/>\n<a href=\"https:\/\/www.thomasfluharty.com\/\" target=\"_blank\" rel=\"noopener\">Thomas Fluharty<\/a><\/h4>\n<p>[\/vc_column_text][\/vc_column][vc_column width=&#8221;1\/5&#8243;][\/vc_column][vc_column width=&#8221;1\/5&#8243;][\/vc_column][vc_column width=&#8221;1\/5&#8243;][\/vc_column][vc_column width=&#8221;1\/5&#8243;][\/vc_column][\/vc_row][vc_row disable_element=&#8221;yes&#8221; row_type=&#8221;full_width&#8221; type=&#8221;container&#8221; p_top=&#8221;2&#8243; p_bottom=&#8221;2&#8243; anchor=&#8221;revista&#8221;][vc_column width=&#8221;1\/5&#8243;][vc_single_image image=&#8221;744&#8243; img_size=&#8221;full&#8221; alignment=&#8221;center&#8221; style=&#8221;vc_box_outline&#8221; onclick=&#8221;link_image&#8221; css_animation=&#8221;top-to-bottom&#8221;][vc_btn title=&#8221;FREE DOWNLOAD .PDF&#8221; color=&#8221;danger&#8221; size=&#8221;sm&#8221; align=&#8221;center&#8221; css_animation=&#8221;fadeIn&#8221; link=&#8221;url:https%3A%2F%2Frevistailustrar.com.br%2Fwp-content%2Fuploads%2F2022%2F12%2Filustrar-Magazine-42-eng.pdf|target:_blank&#8221;][vc_column_text]<\/p>\n<h4 style=\"text-align: center;\"><strong>Issue 42<\/strong><\/h4>\n<h4 style=\"text-align: center;\"><a href=\"https:\/\/www.takiguthi.com.br\/\" target=\"_blank\" rel=\"noopener\">Mauricio Takiguthi<\/a><br \/>\n<a href=\"http:\/\/www.waldomironeto.com\/\" target=\"_blank\" rel=\"noopener\">Waldomiro Neto<\/a><br \/>\n<a href=\"http:\/\/www.tallaricobenaghi.com.ar\/\" target=\"_blank\" rel=\"noopener\">Catriel Tallarico<\/a><br \/>\n<a href=\"https:\/\/www.instagram.com\/joseluizbenicio\/\" target=\"_blank\" rel=\"noopener\">Benicio<\/a><br \/>\n<a href=\"https:\/\/ilustragomes.artstation.com\/\" target=\"_blank\" rel=\"noopener\">Marcelo Gomes<\/a><br \/>\n<a href=\"https:\/\/www.facebook.com\/philippe.scoffoni.3\" target=\"_blank\" rel=\"noopener\">Philippe Scoffoni<\/a><br \/>\n<a href=\"https:\/\/webersonsantiago.com\/\" target=\"_blank\" rel=\"noopener\">Weberson Santiago<\/a><br \/>\n<a href=\"https:\/\/mramosart.com\/\" target=\"_blank\" rel=\"noopener\">Marcio Ramos<\/a><\/h4>\n<p>[\/vc_column_text][\/vc_column][vc_column width=&#8221;1\/5&#8243;][vc_single_image image=&#8221;694&#8243; img_size=&#8221;full&#8221; alignment=&#8221;center&#8221; style=&#8221;vc_box_outline&#8221; onclick=&#8221;link_image&#8221; css_animation=&#8221;right-to-left&#8221;][vc_btn title=&#8221;FREE DOWNLOAD .PDF&#8221; color=&#8221;danger&#8221; size=&#8221;sm&#8221; align=&#8221;center&#8221; css_animation=&#8221;fadeIn&#8221; link=&#8221;url:https%3A%2F%2Frevistailustrar.com.br%2Fwp-content%2Fuploads%2F2022%2F08%2Filustrar_41-eng.pdf|target:_blank&#8221;][vc_column_text]<\/p>\n<h4 style=\"text-align: center;\"><strong>Issue 41\u00a0<\/strong><\/h4>\n<h4 style=\"text-align: center;\"><a href=\"https:\/\/www.behance.net\/adilsonfarias\" target=\"_blank\" rel=\"noopener\">Adilson Farias<\/a><br \/>\n<a href=\"https:\/\/stefanmarjoram.com\/\" target=\"_blank\" rel=\"noopener\">Stefan Marjoram<\/a><br \/>\n<a href=\"https:\/\/www.artstation.com\/lucasleibholz\" target=\"_blank\" rel=\"noopener\">Lucas Leibholz<\/a><br \/>\n<a href=\"https:\/\/albertocasagrande.com\/\" target=\"_blank\" rel=\"noopener\">Alberto Casagrande<\/a><\/h4>\n<p>[\/vc_column_text][\/vc_column][vc_column width=&#8221;1\/5&#8243;][vc_single_image image=&#8221;665&#8243; img_size=&#8221;full&#8221; alignment=&#8221;center&#8221; style=&#8221;vc_box_outline&#8221; onclick=&#8221;link_image&#8221; css_animation=&#8221;right-to-left&#8221;][vc_btn title=&#8221;FREE DOWNLOAD .PDF&#8221; color=&#8221;danger&#8221; size=&#8221;sm&#8221; align=&#8221;center&#8221; css_animation=&#8221;fadeIn&#8221; link=&#8221;url:https%3A%2F%2Frevistailustrar.com.br%2Fwp-content%2Fuploads%2F2022%2F04%2Filustrar_40-english.pdf|target:_blank&#8221;][vc_column_text]<\/p>\n<h4 style=\"text-align: center;\"><strong>Issue 40\u00a0<\/strong><\/h4>\n<h4 style=\"text-align: center;\"><a href=\"https:\/\/johanneswessmark.se\/\" target=\"_blank\" rel=\"noopener\">Johannes Wessmark<\/a><br \/>\n<a href=\"https:\/\/www.instagram.com\/joseluizbenicio\/\" target=\"_blank\" rel=\"noopener\">Benicio<\/a><br \/>\n<a href=\"https:\/\/fabiocorazza.com\/\" target=\"_blank\" rel=\"noopener\">Fabio Corazza<\/a><br \/>\nRog\u00e9rio Pedro<br \/>\n<a href=\"https:\/\/marugodas.com\/\" target=\"_blank\" rel=\"noopener\">Maru Godas<\/a><\/h4>\n<p>[\/vc_column_text][\/vc_column][vc_column width=&#8221;1\/5&#8243;][vc_single_image image=&#8221;535&#8243; img_size=&#8221;full&#8221; alignment=&#8221;center&#8221; style=&#8221;vc_box_outline&#8221; onclick=&#8221;link_image&#8221; css_animation=&#8221;left-to-right&#8221;][vc_btn title=&#8221;FREE DOWNLOAD .PDF&#8221; color=&#8221;danger&#8221; size=&#8221;sm&#8221; align=&#8221;center&#8221; css_animation=&#8221;fadeIn&#8221; link=&#8221;url:https%3A%2F%2Frevistailustrar.com.br%2Fwp-content%2Fuploads%2F2022%2F04%2Filustrar_39-english.pdf|target:_blank&#8221;][vc_column_text css=&#8221;&#8221;]<\/p>\n<h4 style=\"text-align: center;\"><strong>Issue 39\u00a0<\/strong><\/h4>\n<h4 style=\"text-align: center;\"><a href=\"https:\/\/www.dominikmayer.art\/\" target=\"_blank\" rel=\"noopener\">Dominik Mayer<\/a><br \/>\n<a href=\"https:\/\/www.instagram.com\/otonigalirosa\/\" target=\"_blank\" rel=\"noopener\">Otoni Gali Rosa<\/a><br \/>\n<a href=\"https:\/\/www.instagram.com\/cris.eich\/\" target=\"_blank\" rel=\"noopener\">Cris Eich<\/a><br \/>\n<a href=\"https:\/\/www.instagram.com\/joseluizbenicio\/\" target=\"_blank\" rel=\"noopener\">Carlos Ara\u00fajo<\/a><br \/>\n<a href=\"https:\/\/en.wikipedia.org\/wiki\/Ludwig_Hohlwein\" target=\"_blank\" rel=\"noopener\">Ludwig Hohlwein<\/a><br \/>\n<a href=\"https:\/\/www.thomasfluharty.com\/\" target=\"_blank\" rel=\"noopener\">Thomas Fluharty<\/a><\/h4>\n<p>[\/vc_column_text][\/vc_column][vc_column width=&#8221;1\/5&#8243;][vc_single_image image=&#8221;531&#8243; img_size=&#8221;full&#8221; alignment=&#8221;center&#8221; style=&#8221;vc_box_outline&#8221; onclick=&#8221;link_image&#8221; css_animation=&#8221;left-to-right&#8221;][vc_btn title=&#8221;FREE DOWNLOAD .PDF&#8221; color=&#8221;danger&#8221; size=&#8221;sm&#8221; align=&#8221;center&#8221; css_animation=&#8221;fadeIn&#8221; link=&#8221;url:https%3A%2F%2Frevistailustrar.com.br%2Fwp-content%2Fuploads%2F2021%2F12%2Filustrar_38-english.pdf|target:_blank&#8221;]<div class=\"wbc-heading clearfix\"><div class=\"default-heading wow fadeInLeft\" style=\"font-size:15px;text-align:center;margin-bottom:50px;margin-right:auto;margin-left:auto;max-width:770px;\"><strong>Issue 38<\/strong><br \/>\nLezio Junior,<br \/>\nFabio Corazza,<br \/>\nAugusto Minighitti,<br \/>\nLelis,<br \/>\nGuilherme Asthma,<br \/>\nRicardo Antunes,<br \/>\nRenato Palmuti,<br \/>\nCarlos Chagas.<\/div><\/div>[\/vc_column][\/vc_row][vc_row disable_element=&#8221;yes&#8221; row_type=&#8221;full_width&#8221; type=&#8221;container&#8221; p_top=&#8221;2&#8243; p_bottom=&#8221;2&#8243; anchor=&#8221;revista&#8221;][vc_column width=&#8221;1\/5&#8243;][vc_single_image image=&#8221;248&#8243; img_size=&#8221;full&#8221; alignment=&#8221;center&#8221; style=&#8221;vc_box_outline&#8221; onclick=&#8221;link_image&#8221; css_animation=&#8221;right-to-left&#8221;][vc_btn title=&#8221;DOWNLOAD .PDF&#8221; color=&#8221;danger&#8221; size=&#8221;sm&#8221; align=&#8221;center&#8221; css_animation=&#8221;fadeIn&#8221; link=&#8221;url:http%3A%2F%2Frevistailustrar.com.br%2Fwp-content%2Fuploads%2F2020%2F12%2Filustrar_34.pdf|target:_blank&#8221;]<div class=\"wbc-heading clearfix\"><div class=\"default-heading wow fadeIn\" style=\"font-size:15px;text-align:center;margin-bottom:50px;margin-right:auto;margin-left:auto;max-width:770px;\"><strong>Edi\u00e7\u00e3o 34<\/strong><br \/>\nRayner Alencar,<br \/>\nFelipe Massafera,<br \/>\nOrlando Pedroso,<br \/>\nOsnei Rocha,<br \/>\nKim Jung-Gi.<\/div><\/div>[\/vc_column][vc_column width=&#8221;1\/5&#8243;][vc_single_image image=&#8221;249&#8243; img_size=&#8221;full&#8221; alignment=&#8221;center&#8221; style=&#8221;vc_box_outline&#8221; onclick=&#8221;link_image&#8221; css_animation=&#8221;top-to-bottom&#8221;][vc_btn title=&#8221;DOWNLOAD .PDF&#8221; color=&#8221;danger&#8221; size=&#8221;sm&#8221; align=&#8221;center&#8221; css_animation=&#8221;fadeIn&#8221; link=&#8221;url:http%3A%2F%2Frevistailustrar.com.br%2Fwp-content%2Fuploads%2F2020%2F12%2Filustrar_33.pdf|target:_blank&#8221;]<div class=\"wbc-heading clearfix\"><div class=\"default-heading\" style=\"font-size:15px;text-align:center;margin-bottom:50px;margin-right:auto;margin-left:auto;max-width:770px;\"><strong>Edi\u00e7\u00e3o 33<\/strong><br \/>\nMarcelo Gomes,<br \/>\nTiago Albuquerque,<br \/>\nRenato Alarc\u00e3o,<br \/>\nDavi Calil,<br \/>\nRick Fernandes,<br \/>\nOrlando Pedroso.<\/div><\/div>[\/vc_column][vc_column width=&#8221;1\/5&#8243;][vc_single_image image=&#8221;250&#8243; img_size=&#8221;full&#8221; alignment=&#8221;center&#8221; style=&#8221;vc_box_outline&#8221; onclick=&#8221;link_image&#8221; css_animation=&#8221;left-to-right&#8221;][vc_btn title=&#8221;DOWNLOAD .PDF&#8221; color=&#8221;danger&#8221; size=&#8221;sm&#8221; align=&#8221;center&#8221; css_animation=&#8221;fadeIn&#8221; link=&#8221;url:http%3A%2F%2Frevistailustrar.com.br%2Fwp-content%2Fuploads%2F2020%2F12%2Frevista_ilust_32.pdf|target:_blank&#8221;]<div class=\"wbc-heading clearfix\"><div class=\"default-heading\" style=\"font-size:15px;text-align:center;margin-bottom:50px;margin-right:auto;margin-left:auto;max-width:770px;\"><strong>Edi\u00e7\u00e3o 32<\/strong><br \/>\nEspecial Edition:<br \/>\nSketchbook Experience.<\/div><\/div>[\/vc_column][vc_column width=&#8221;1\/5&#8243;][vc_single_image image=&#8221;274&#8243; img_size=&#8221;full&#8221; alignment=&#8221;center&#8221; style=&#8221;vc_box_outline&#8221; onclick=&#8221;link_image&#8221; css_animation=&#8221;top-to-bottom&#8221;][vc_btn title=&#8221;DOWNLOAD .PDF&#8221; color=&#8221;danger&#8221; size=&#8221;sm&#8221; align=&#8221;center&#8221; css_animation=&#8221;fadeIn&#8221; link=&#8221;url:http%3A%2F%2Frevistailustrar.com.br%2Fwp-content%2Fuploads%2F2020%2F12%2Frevista_ilust_31.pdf|target:_blank&#8221;]<div class=\"wbc-heading clearfix\"><div class=\"default-heading\" style=\"font-size:15px;text-align:center;margin-bottom:50px;margin-right:auto;margin-left:auto;max-width:770px;\"><strong>Edi\u00e7\u00e3o 31<\/strong><br \/>\nWesley Rodrigues,<br \/>\nPhilip Burke,<br \/>\nSketchJazz!,<br \/>\nMauro Souza,<br \/>\nC\u00e1ssio Loredano,<br \/>\nEduardo Schaal.<\/div><\/div>[\/vc_column][vc_column width=&#8221;1\/5&#8243;][vc_single_image image=&#8221;273&#8243; img_size=&#8221;full&#8221; alignment=&#8221;center&#8221; style=&#8221;vc_box_outline&#8221; onclick=&#8221;link_image&#8221; css_animation=&#8221;right-to-left&#8221;][vc_btn title=&#8221;DOWNLOAD .PDF&#8221; color=&#8221;danger&#8221; size=&#8221;sm&#8221; align=&#8221;center&#8221; css_animation=&#8221;fadeIn&#8221; link=&#8221;url:http%3A%2F%2Frevistailustrar.com.br%2Fwp-content%2Fuploads%2F2020%2F12%2Frevista_ilust_30.pdf|target:_blank&#8221;]<div class=\"wbc-heading clearfix\"><div class=\"default-heading\" style=\"font-size:15px;text-align:center;margin-bottom:50px;margin-right:auto;margin-left:auto;max-width:770px;\"><strong>Edi\u00e7\u00e3o 30<\/strong><br \/>\nEspecial Edition: 5th Anniversary<br \/>\nOrlando,<br \/>\nHiro,<br \/>\nKako,<br \/>\nSpacca,<br \/>\nNegreiros.<\/div><\/div>[\/vc_column][\/vc_row][vc_row disable_element=&#8221;yes&#8221; row_type=&#8221;full_width&#8221; type=&#8221;container&#8221; p_top=&#8221;2&#8243; p_bottom=&#8221;2&#8243; anchor=&#8221;revista&#8221;][vc_column width=&#8221;1\/5&#8243;][vc_single_image image=&#8221;272&#8243; img_size=&#8221;full&#8221; alignment=&#8221;center&#8221; style=&#8221;vc_box_outline&#8221; onclick=&#8221;link_image&#8221; css_animation=&#8221;right-to-left&#8221;][vc_btn title=&#8221;DOWNLOAD .PDF&#8221; color=&#8221;danger&#8221; size=&#8221;sm&#8221; align=&#8221;center&#8221; css_animation=&#8221;fadeIn&#8221; link=&#8221;url:http%3A%2F%2Frevistailustrar.com.br%2Fwp-content%2Fuploads%2F2020%2F12%2Frevista_ilust_29.pdf|target:_blank&#8221;]<div class=\"wbc-heading clearfix\"><div class=\"default-heading\" style=\"font-size:15px;text-align:center;margin-bottom:50px;margin-right:auto;margin-left:auto;max-width:770px;\"><strong>Edi\u00e7\u00e3o 29<\/strong><br \/>\nSilvano Mello,<br \/>\nGlen Orbik,<br \/>\nJean Fhilippe,<br \/>\nKobra,<br \/>\nRenato Alarc\u00e3o.<\/div><\/div>[\/vc_column][vc_column width=&#8221;1\/5&#8243;][vc_single_image image=&#8221;270&#8243; img_size=&#8221;full&#8221; alignment=&#8221;center&#8221; style=&#8221;vc_box_outline&#8221; onclick=&#8221;link_image&#8221; css_animation=&#8221;top-to-bottom&#8221;][vc_btn title=&#8221;DOWNLOAD .PDF&#8221; color=&#8221;danger&#8221; size=&#8221;sm&#8221; align=&#8221;center&#8221; css_animation=&#8221;fadeIn&#8221; link=&#8221;url:http%3A%2F%2Frevistailustrar.com.br%2Fwp-content%2Fuploads%2F2020%2F12%2Frevista_ilust_28.pdf|target:_blank&#8221;]<div class=\"wbc-heading clearfix\"><div class=\"default-heading\" style=\"font-size:15px;text-align:center;margin-bottom:50px;margin-right:auto;margin-left:auto;max-width:770px;\"><strong>Edi\u00e7\u00e3o 28<\/strong><br \/>\nRicardo Guimar\u00e3es,<br \/>\nDerek Gores,<br \/>\nRenato Faccini,<br \/>\nEduardo Schaal,<br \/>\nGreg Tocchini,<br \/>\nRenato Alarc\u00e3o.<\/div><\/div>[\/vc_column][vc_column width=&#8221;1\/5&#8243;][vc_single_image image=&#8221;269&#8243; img_size=&#8221;full&#8221; alignment=&#8221;center&#8221; style=&#8221;vc_box_outline&#8221; onclick=&#8221;link_image&#8221; css_animation=&#8221;left-to-right&#8221;][vc_btn title=&#8221;DOWNLOAD .PDF&#8221; color=&#8221;danger&#8221; size=&#8221;sm&#8221; align=&#8221;center&#8221; css_animation=&#8221;fadeIn&#8221; link=&#8221;url:http%3A%2F%2Frevistailustrar.com.br%2Fwp-content%2Fuploads%2F2020%2F12%2Frevista_ilust_27.pdf&#8221;]<div class=\"wbc-heading clearfix\"><div class=\"default-heading\" style=\"font-size:15px;text-align:center;margin-bottom:50px;margin-right:auto;margin-left:auto;max-width:770px;\"><strong>Edi\u00e7\u00e3o 27 - 2012<\/strong><br \/>\nSuryara Bernardi,<br \/>\nTiago Lacerda,<br \/>\nBernardo Fran\u00e7a,<br \/>\nAna Luiza Koehler,<br \/>\nHiroines,<br \/>\nRenato Alarc\u00e3o.<\/div><\/div>[\/vc_column][vc_column width=&#8221;1\/5&#8243;][vc_single_image image=&#8221;268&#8243; img_size=&#8221;full&#8221; alignment=&#8221;center&#8221; style=&#8221;vc_box_outline&#8221; onclick=&#8221;link_image&#8221; css_animation=&#8221;top-to-bottom&#8221;][vc_btn title=&#8221;DOWNLOAD .PDF&#8221; color=&#8221;danger&#8221; size=&#8221;sm&#8221; align=&#8221;center&#8221; css_animation=&#8221;fadeIn&#8221; link=&#8221;url:http%3A%2F%2Frevistailustrar.com.br%2Fwp-content%2Fuploads%2F2020%2F12%2Frevista_ilust_26.pdf|target:_blank&#8221;]<div class=\"wbc-heading clearfix\"><div class=\"default-heading\" style=\"font-size:15px;text-align:center;margin-bottom:50px;margin-right:auto;margin-left:auto;max-width:770px;\"><strong>Edi\u00e7\u00e3o 26<\/strong><br \/>\nMajane Silveira,<br \/>\nMichael Schwab,<br \/>\nRenato Alvim,<br \/>\nRicardo Antunes,<br \/>\nEduardo Bajzek,<br \/>\nRenato Alarc\u00e3o.<\/div><\/div>[\/vc_column][vc_column width=&#8221;1\/5&#8243;][vc_single_image image=&#8221;267&#8243; img_size=&#8221;full&#8221; alignment=&#8221;center&#8221; style=&#8221;vc_box_outline&#8221; onclick=&#8221;link_image&#8221; css_animation=&#8221;right-to-left&#8221;][vc_btn title=&#8221;DOWNLOAD .PDF&#8221; color=&#8221;danger&#8221; size=&#8221;sm&#8221; align=&#8221;center&#8221; css_animation=&#8221;fadeIn&#8221; link=&#8221;url:http%3A%2F%2Frevistailustrar.com.br%2Fwp-content%2Fuploads%2F2020%2F12%2Frevista_ilust_25.pdf|target:_blank&#8221;]<div class=\"wbc-heading clearfix\"><div class=\"default-heading\" style=\"font-size:15px;text-align:center;margin-bottom:50px;margin-right:auto;margin-left:auto;max-width:770px;\"><strong>Edi\u00e7\u00e3o 25<\/strong><br \/>\nRafael Sarmento,<br \/>\nOscar Grillo,<br \/>\nPietro Antognioni,<br \/>\nJulia Bax,<br \/>\nRosana Urbes,<br \/>\nRenato Alarc\u00e3o.<\/div><\/div>[\/vc_column][\/vc_row][vc_row disable_element=&#8221;yes&#8221; row_type=&#8221;full_width&#8221; type=&#8221;container&#8221; p_top=&#8221;2&#8243; p_bottom=&#8221;2&#8243; anchor=&#8221;revista&#8221;][vc_column width=&#8221;1\/5&#8243;][vc_single_image image=&#8221;266&#8243; img_size=&#8221;full&#8221; alignment=&#8221;center&#8221; style=&#8221;vc_box_outline&#8221; onclick=&#8221;link_image&#8221; css_animation=&#8221;right-to-left&#8221;][vc_btn title=&#8221;DOWNLOAD .PDF&#8221; color=&#8221;danger&#8221; size=&#8221;sm&#8221; align=&#8221;center&#8221; css_animation=&#8221;fadeIn&#8221; link=&#8221;url:http%3A%2F%2Frevistailustrar.com.br%2Fwp-content%2Fuploads%2F2020%2F12%2Frevista_ilust_24.pdf|target:_blank&#8221;]<div class=\"wbc-heading clearfix\"><div class=\"default-heading\" style=\"font-size:15px;text-align:center;margin-bottom:50px;margin-right:auto;margin-left:auto;max-width:770px;\"><strong>Edi\u00e7\u00e3o 24<\/strong><br \/>\nAriel Fajtlowicz,<br \/>\nMatthew Cook,<br \/>\nEduardo Belga,<br \/>\nMike Deodato Jr.,<br \/>\nVictor Leguy,<br \/>\nRenato Alarc\u00e3o.<\/div><\/div>[\/vc_column][vc_column width=&#8221;1\/5&#8243;][vc_single_image image=&#8221;265&#8243; img_size=&#8221;full&#8221; alignment=&#8221;center&#8221; style=&#8221;vc_box_outline&#8221; onclick=&#8221;link_image&#8221; css_animation=&#8221;top-to-bottom&#8221;][vc_btn title=&#8221;DOWNLOAD .PDF&#8221; color=&#8221;danger&#8221; size=&#8221;sm&#8221; align=&#8221;center&#8221; css_animation=&#8221;fadeIn&#8221; link=&#8221;url:http%3A%2F%2Frevistailustrar.com.br%2Fwp-content%2Fuploads%2F2020%2F12%2Frevista_ilust_23.pdf|target:_blank&#8221;]<div class=\"wbc-heading clearfix\"><div class=\"default-heading\" style=\"font-size:15px;text-align:center;margin-bottom:50px;margin-right:auto;margin-left:auto;max-width:770px;\"><strong>Edi\u00e7\u00e3o 23<\/strong><br \/>\nBernardo Fran\u00e7a,<br \/>\nMattias Adolfsson,<br \/>\nDavi Calil,<br \/>\nDaniel Bueno,<br \/>\nGonzalo C\u00e1rcamo,<br \/>\nRenato Alarc\u00e3o.<\/div><\/div>[\/vc_column][vc_column width=&#8221;1\/5&#8243;][vc_single_image image=&#8221;264&#8243; img_size=&#8221;full&#8221; alignment=&#8221;center&#8221; style=&#8221;vc_box_outline&#8221; onclick=&#8221;link_image&#8221; css_animation=&#8221;left-to-right&#8221;][vc_btn title=&#8221;DOWNLOAD .PDF&#8221; color=&#8221;danger&#8221; size=&#8221;sm&#8221; align=&#8221;center&#8221; css_animation=&#8221;fadeIn&#8221; link=&#8221;url:http%3A%2F%2Frevistailustrar.com.br%2Fwp-content%2Fuploads%2F2020%2F12%2Frevista_ilust_22.pdf|target:_blank&#8221;]<div class=\"wbc-heading clearfix\"><div class=\"default-heading\" style=\"font-size:15px;text-align:center;margin-bottom:50px;margin-right:auto;margin-left:auto;max-width:770px;\"><strong>Edi\u00e7\u00e3o 22<\/strong><br \/>\nLupe Vasconcelos,<br \/>\nMiss Bugs,<br \/>\nAlexandre Eschenbach,<br \/>\nRog\u00e9rio Vilela,<br \/>\nLaurent Cardon,<br \/>\nRenato Alarc\u00e3o.<\/div><\/div>[\/vc_column][vc_column width=&#8221;1\/5&#8243;][vc_single_image image=&#8221;263&#8243; img_size=&#8221;full&#8221; alignment=&#8221;center&#8221; style=&#8221;vc_box_outline&#8221; onclick=&#8221;link_image&#8221; css_animation=&#8221;top-to-bottom&#8221;][vc_btn title=&#8221;DOWNLOAD .PDF&#8221; color=&#8221;danger&#8221; size=&#8221;sm&#8221; align=&#8221;center&#8221; css_animation=&#8221;fadeIn&#8221; link=&#8221;url:http%3A%2F%2Frevistailustrar.com.br%2Fwp-content%2Fuploads%2F2020%2F12%2Frevista_ilust_21.pdf|target:_blank&#8221;]<div class=\"wbc-heading clearfix\"><div class=\"default-heading\" style=\"font-size:15px;text-align:center;margin-bottom:50px;margin-right:auto;margin-left:auto;max-width:770px;\"><strong>Edi\u00e7\u00e3o 21<\/strong><br \/>\nSabrina Eras,<br \/>\nSex & Crime,<br \/>\nHans Liska,<br \/>\nMarcus Penna,<br \/>\nRune Bennicke,<br \/>\nBrad Holland,<br \/>\nRenato Alarc\u00e3o.<\/div><\/div>[\/vc_column][vc_column width=&#8221;1\/5&#8243;][vc_single_image image=&#8221;262&#8243; img_size=&#8221;full&#8221; alignment=&#8221;center&#8221; style=&#8221;vc_box_outline&#8221; onclick=&#8221;link_image&#8221; css_animation=&#8221;right-to-left&#8221;][vc_btn title=&#8221;DOWNLOAD .PDF&#8221; color=&#8221;danger&#8221; size=&#8221;sm&#8221; align=&#8221;center&#8221; css_animation=&#8221;fadeIn&#8221; link=&#8221;url:http%3A%2F%2Frevistailustrar.com.br%2Fwp-content%2Fuploads%2F2020%2F12%2Frevista_ilust_20.pdf|target:_blank&#8221;]<div class=\"wbc-heading clearfix\"><div class=\"default-heading\" style=\"font-size:15px;text-align:center;margin-bottom:50px;margin-right:auto;margin-left:auto;max-width:770px;\"><strong>Edi\u00e7\u00e3o 20<\/strong><br \/>\nQuinho Ravelli,<br \/>\nPatrick Nagel,<br \/>\nAmilcar Pinna,<br \/>\nWill Murai,<br \/>\nJo\u00e3o Ruas,<br \/>\nBrad Holland,<br \/>\nRenato Alarc\u00e3o.<\/div><\/div>[\/vc_column][\/vc_row][vc_row disable_element=&#8221;yes&#8221; row_type=&#8221;full_width&#8221; type=&#8221;container&#8221; p_top=&#8221;2&#8243; p_bottom=&#8221;2&#8243; anchor=&#8221;revista&#8221;][vc_column width=&#8221;1\/5&#8243;][vc_single_image image=&#8221;260&#8243; img_size=&#8221;full&#8221; alignment=&#8221;center&#8221; style=&#8221;vc_box_outline&#8221; onclick=&#8221;link_image&#8221; css_animation=&#8221;right-to-left&#8221;][vc_btn title=&#8221;DOWNLOAD .PDF&#8221; color=&#8221;danger&#8221; size=&#8221;sm&#8221; align=&#8221;center&#8221; css_animation=&#8221;fadeIn&#8221; link=&#8221;url:http%3A%2F%2Frevistailustrar.com.br%2Fwp-content%2Fuploads%2F2020%2F12%2Frevista_ilust_19.pdf|target:_blank&#8221;]<div class=\"wbc-heading clearfix\"><div class=\"default-heading\" style=\"font-size:15px;text-align:center;margin-bottom:50px;margin-right:auto;margin-left:auto;max-width:770px;\"><strong>Edi\u00e7\u00e3o 19<\/strong><br \/>\nMaurenilson,<br \/>\nMarshall Arisman,<br \/>\nFabiana Shizue,<br \/>\nLucas Leibholz,<br \/>\nMauro Souza,<br \/>\nBrad Holland,<br \/>\nRenato Alarc\u00e3o.<\/div><\/div>[\/vc_column][vc_column width=&#8221;1\/5&#8243;][vc_single_image image=&#8221;259&#8243; img_size=&#8221;full&#8221; alignment=&#8221;center&#8221; style=&#8221;vc_box_outline&#8221; onclick=&#8221;link_image&#8221; css_animation=&#8221;top-to-bottom&#8221;][vc_btn title=&#8221;DOWNLOAD .PDF&#8221; color=&#8221;danger&#8221; size=&#8221;sm&#8221; align=&#8221;center&#8221; css_animation=&#8221;fadeIn&#8221; link=&#8221;url:http%3A%2F%2Frevistailustrar.com.br%2Fwp-content%2Fuploads%2F2020%2F12%2Frevista_ilust_18.pdf|target:_blank&#8221;]<div class=\"wbc-heading clearfix\"><div class=\"default-heading\" style=\"font-size:15px;text-align:center;margin-bottom:50px;margin-right:auto;margin-left:auto;max-width:770px;\"><strong>Edi\u00e7\u00e3o 18<\/strong><br \/>\nSpecial Edition: Children's Book<br \/>\nL\u00facia Hiratsuka,<br \/>\nShaun Tan,<br \/>\nMariana Newlands,<br \/>\nMauricio de Sousa,<br \/>\nRog\u00e9rio Coelho,<br \/>\nCris Eich,<br \/>\nBrad Holland,<br \/>\nRenato Alarc\u00e3o.<\/div><\/div>[\/vc_column][vc_column width=&#8221;1\/5&#8243;][vc_single_image image=&#8221;258&#8243; img_size=&#8221;full&#8221; alignment=&#8221;center&#8221; style=&#8221;vc_box_outline&#8221; onclick=&#8221;link_image&#8221; css_animation=&#8221;left-to-right&#8221;][vc_btn title=&#8221;DOWNLOAD .PDF&#8221; color=&#8221;danger&#8221; size=&#8221;sm&#8221; align=&#8221;center&#8221; css_animation=&#8221;fadeIn&#8221; link=&#8221;url:http%3A%2F%2Frevistailustrar.com.br%2Fwp-content%2Fuploads%2F2020%2F12%2Frevista_ilust_17.pdf|target:_blank&#8221;]<div class=\"wbc-heading clearfix\"><div class=\"default-heading\" style=\"font-size:15px;text-align:center;margin-bottom:50px;margin-right:auto;margin-left:auto;max-width:770px;\"><strong>Edi\u00e7\u00e3o 17<\/strong><br \/>\nFernando Lopes,<br \/>\nDerek Riggs,<br \/>\nMateus Santolouco,<br \/>\nDR2 Ilustra\u00e7\u00e3o,<br \/>\nMario Bag,<br \/>\nBrad Holland,<br \/>\nRenato Alarc\u00e3o.<\/div><\/div>[\/vc_column][vc_column width=&#8221;1\/5&#8243;][vc_single_image image=&#8221;257&#8243; img_size=&#8221;full&#8221; alignment=&#8221;center&#8221; style=&#8221;vc_box_outline&#8221; onclick=&#8221;link_image&#8221; css_animation=&#8221;top-to-bottom&#8221;][vc_btn title=&#8221;DOWNLOAD .PDF&#8221; color=&#8221;danger&#8221; size=&#8221;sm&#8221; align=&#8221;center&#8221; css_animation=&#8221;fadeIn&#8221; link=&#8221;url:http%3A%2F%2Frevistailustrar.com.br%2Fwp-content%2Fuploads%2F2020%2F12%2Frevista_ilust_16.pdf|target:_blank&#8221;]<div class=\"wbc-heading clearfix\"><div class=\"default-heading\" style=\"font-size:15px;text-align:center;margin-bottom:50px;margin-right:auto;margin-left:auto;max-width:770px;\"><strong>Edi\u00e7\u00e3o 16<\/strong><br \/>\nFlavio Fargas,<br \/>\nJason Seiler,<br \/>\nEduardo Bajzek,<br \/>\nPaulo Brabo,<br \/>\nLuis Trimano,<br \/>\nBrad Holland,<br \/>\nRenato Alarc\u00e3o.<\/div><\/div>[\/vc_column][vc_column width=&#8221;1\/5&#8243;][vc_single_image image=&#8221;256&#8243; img_size=&#8221;full&#8221; alignment=&#8221;center&#8221; style=&#8221;vc_box_outline&#8221; onclick=&#8221;link_image&#8221; css_animation=&#8221;right-to-left&#8221;][vc_btn title=&#8221;DOWNLOAD .PDF&#8221; color=&#8221;danger&#8221; size=&#8221;sm&#8221; align=&#8221;center&#8221; css_animation=&#8221;fadeIn&#8221; link=&#8221;url:http%3A%2F%2Frevistailustrar.com.br%2Fwp-content%2Fuploads%2F2020%2F12%2Frevista_ilust_15.pdf|target:_blank&#8221;]<div class=\"wbc-heading clearfix\"><div class=\"default-heading\" style=\"font-size:15px;text-align:center;margin-bottom:50px;margin-right:auto;margin-left:auto;max-width:770px;\"><strong>Edi\u00e7\u00e3o 15<\/strong><br \/>\nCarlos Ara\u00fajo,<br \/>\nFrancis Vallejo,<br \/>\nRoger Cruz,<br \/>\n\u00c2ngelo Agostini,<br \/>\nElias Silveira,<br \/>\nJuarez Machado,<br \/>\nBrad Holland,<br \/>\nRenato Alarc\u00e3o.<\/div><\/div>[\/vc_column][\/vc_row][vc_row disable_element=&#8221;yes&#8221; row_type=&#8221;full_width&#8221; type=&#8221;container&#8221; p_top=&#8221;2&#8243; p_bottom=&#8221;2&#8243; anchor=&#8221;revista&#8221;][vc_column width=&#8221;1\/5&#8243;][vc_single_image image=&#8221;255&#8243; img_size=&#8221;full&#8221; alignment=&#8221;center&#8221; style=&#8221;vc_box_outline&#8221; onclick=&#8221;link_image&#8221; css_animation=&#8221;right-to-left&#8221;][vc_btn title=&#8221;DOWNLOAD .PDF&#8221; color=&#8221;danger&#8221; size=&#8221;sm&#8221; align=&#8221;center&#8221; css_animation=&#8221;fadeIn&#8221; link=&#8221;url:http%3A%2F%2Frevistailustrar.com.br%2Fwp-content%2Fuploads%2F2020%2F12%2Frevista_ilust_14.pdf|target:_blank&#8221;]<div class=\"wbc-heading clearfix\"><div class=\"default-heading\" style=\"font-size:15px;text-align:center;margin-bottom:50px;margin-right:auto;margin-left:auto;max-width:770px;\"><strong>Edi\u00e7\u00e3o 14<\/strong><br \/>\nVisca,<br \/>\nFernando Vicente,<br \/>\nMarcelo Daldoce,<br \/>\nCzeslaw Slania,<br \/>\nWeberson Santiago,<br \/>\nCarlos Meira,<br \/>\nBrad Holland,<br \/>\nRenato Alarc\u00e3o.<\/div><\/div>[\/vc_column][vc_column width=&#8221;1\/5&#8243;][vc_single_image image=&#8221;254&#8243; img_size=&#8221;full&#8221; alignment=&#8221;center&#8221; style=&#8221;vc_box_outline&#8221; onclick=&#8221;link_image&#8221; css_animation=&#8221;top-to-bottom&#8221;][vc_btn title=&#8221;DOWNLOAD .PDF&#8221; color=&#8221;danger&#8221; size=&#8221;sm&#8221; align=&#8221;center&#8221; css_animation=&#8221;fadeIn&#8221; link=&#8221;url:http%3A%2F%2Frevistailustrar.com.br%2Fwp-content%2Fuploads%2F2020%2F12%2Frevista_ilust_13.pdf|target:_blank&#8221;]<div class=\"wbc-heading clearfix\"><div class=\"default-heading\" style=\"font-size:15px;text-align:center;margin-bottom:50px;margin-right:auto;margin-left:auto;max-width:770px;\"><strong>Edi\u00e7\u00e3o 13<\/strong><br \/>\nTiago Hoisel,<br \/>\nBart Forbes,<br \/>\nMontalvo Machado,<br \/>\nSpacca,<br \/>\nLula Palomanes,<br \/>\nBrad Holland,<br \/>\nRenato Alarc\u00e3o.<\/div><\/div>[\/vc_column][vc_column width=&#8221;1\/5&#8243;][vc_single_image image=&#8221;253&#8243; img_size=&#8221;full&#8221; alignment=&#8221;center&#8221; style=&#8221;vc_box_outline&#8221; onclick=&#8221;link_image&#8221; css_animation=&#8221;left-to-right&#8221;][vc_btn title=&#8221;DOWNLOAD .PDF&#8221; color=&#8221;danger&#8221; size=&#8221;sm&#8221; align=&#8221;center&#8221; css_animation=&#8221;fadeIn&#8221; link=&#8221;url:http%3A%2F%2Frevistailustrar.com.br%2Fwp-content%2Fuploads%2F2020%2F12%2Frevista_ilust_12.pdf|target:_blank&#8221;]<div class=\"wbc-heading clearfix\"><div class=\"default-heading\" style=\"font-size:15px;text-align:center;margin-bottom:50px;margin-right:auto;margin-left:auto;max-width:770px;\"><strong>Edi\u00e7\u00e3o 12<\/strong><br \/>\nKleber Sales,<br \/>\nScott Campbell,<br \/>\nHector Gomez,<br \/>\nHenfil,<br \/>\nGustavo Duarte,<br \/>\nJal\/HQMix,<br \/>\nBrad Holland,<br \/>\nRenato Alarc\u00e3o.<\/div><\/div>[\/vc_column][vc_column width=&#8221;1\/5&#8243;][vc_single_image image=&#8221;252&#8243; img_size=&#8221;full&#8221; alignment=&#8221;center&#8221; style=&#8221;vc_box_outline&#8221; onclick=&#8221;link_image&#8221; css_animation=&#8221;top-to-bottom&#8221;][vc_btn title=&#8221;DOWNLOAD .PDF&#8221; color=&#8221;danger&#8221; size=&#8221;sm&#8221; align=&#8221;center&#8221; css_animation=&#8221;fadeIn&#8221; link=&#8221;url:http%3A%2F%2Frevistailustrar.com.br%2Fwp-content%2Fuploads%2F2020%2F12%2Frevista_ilust_11.pdf|target:_blank&#8221;]<div class=\"wbc-heading clearfix\"><div class=\"default-heading\" style=\"font-size:15px;text-align:center;margin-bottom:50px;margin-right:auto;margin-left:auto;max-width:770px;\"><strong>Edi\u00e7\u00e3o 11<\/strong><br \/>\nLuiz Rosso,<br \/>\nAlberto Ruiz-Diaz,<br \/>\nMarcelo Braga,<br \/>\nIgn\u00e1cio Justo,<br \/>\nRenato Alarc\u00e3o,<br \/>\nFernando Mosca.<\/div><\/div>[\/vc_column][vc_column width=&#8221;1\/5&#8243;][vc_single_image image=&#8221;251&#8243; img_size=&#8221;full&#8221; alignment=&#8221;center&#8221; style=&#8221;vc_box_outline&#8221; onclick=&#8221;link_image&#8221; css_animation=&#8221;right-to-left&#8221;][vc_btn title=&#8221;DOWNLOAD .PDF&#8221; color=&#8221;danger&#8221; size=&#8221;sm&#8221; align=&#8221;center&#8221; css_animation=&#8221;fadeIn&#8221; link=&#8221;url:http%3A%2F%2Frevistailustrar.com.br%2Fwp-content%2Fuploads%2F2020%2F12%2Frevista_ilust_10.pdf|target:_blank&#8221;]<div class=\"wbc-heading clearfix\"><div class=\"default-heading\" style=\"font-size:15px;text-align:center;margin-bottom:50px;margin-right:auto;margin-left:auto;max-width:770px;\"><strong>Edi\u00e7\u00e3o 10<\/strong><br \/>\nClayton Junior,<br \/>\nSergio Martinez,<br \/>\nAndr\u00e9 Toma,<br \/>\nMi\u00e9cio Caff\u00e9,<br \/>\nEduardo Schaal,<br \/>\nRoberto Negreiros.<\/div><\/div>[\/vc_column][\/vc_row][vc_row disable_element=&#8221;yes&#8221; row_type=&#8221;full_width&#8221; type=&#8221;container&#8221; p_top=&#8221;2&#8243; p_bottom=&#8221;2&#8243; anchor=&#8221;revista&#8221;][vc_column width=&#8221;1\/5&#8243;][vc_single_image image=&#8221;276&#8243; img_size=&#8221;full&#8221; alignment=&#8221;center&#8221; style=&#8221;vc_box_outline&#8221; onclick=&#8221;link_image&#8221; css_animation=&#8221;right-to-left&#8221;][vc_btn title=&#8221;DOWNLOAD .PDF&#8221; color=&#8221;danger&#8221; size=&#8221;sm&#8221; align=&#8221;center&#8221; css_animation=&#8221;fadeIn&#8221; link=&#8221;url:http%3A%2F%2Frevistailustrar.com.br%2Fwp-content%2Fuploads%2F2020%2F12%2Frevista_ilust_9.pdf|target:_blank&#8221;]<div class=\"wbc-heading clearfix\"><div class=\"default-heading\" style=\"font-size:15px;text-align:center;margin-bottom:50px;margin-right:auto;margin-left:auto;max-width:770px;\"><strong>Edi\u00e7\u00e3o 09<\/strong><br \/>\nWalter Vasconcelos,<br \/>\nAnt\u00f3nio,<br \/>\nSabrina Eras,<br \/>\nMassao Okinaka,<br \/>\nHiro,<br \/>\nMontalvo Machado.<\/div><\/div>[\/vc_column][vc_column width=&#8221;1\/5&#8243;][vc_single_image image=&#8221;275&#8243; img_size=&#8221;full&#8221; alignment=&#8221;center&#8221; style=&#8221;vc_box_outline&#8221; onclick=&#8221;link_image&#8221; css_animation=&#8221;top-to-bottom&#8221;][vc_btn title=&#8221;DOWNLOAD .PDF&#8221; color=&#8221;danger&#8221; size=&#8221;sm&#8221; align=&#8221;center&#8221; css_animation=&#8221;fadeIn&#8221; link=&#8221;url:http%3A%2F%2Frevistailustrar.com.br%2Fwp-content%2Fuploads%2F2020%2F12%2Frevista_ilust_8.pdf&#8221;]<div class=\"wbc-heading clearfix\"><div class=\"default-heading\" style=\"font-size:15px;text-align:center;margin-bottom:50px;margin-right:auto;margin-left:auto;max-width:770px;\"><strong>Edi\u00e7\u00e3o 08 - 2009<\/strong><br \/>\nSpecial Edition: Great Masters<br \/>\nBenicio,<br \/>\nCarlos Chagas,<br \/>\nDaniel Adel,<br \/>\nMarchi,<br \/>\nNilton Ramalho,<br \/>\nRui de Oliveira.<\/div><\/div>[\/vc_column][vc_column width=&#8221;1\/5&#8243;][vc_single_image image=&#8221;283&#8243; img_size=&#8221;full&#8221; alignment=&#8221;center&#8221; style=&#8221;vc_box_outline&#8221; onclick=&#8221;link_image&#8221; css_animation=&#8221;left-to-right&#8221;][vc_btn title=&#8221;DOWNLOAD .PDF&#8221; color=&#8221;danger&#8221; size=&#8221;sm&#8221; align=&#8221;center&#8221; css_animation=&#8221;fadeIn&#8221; link=&#8221;url:http%3A%2F%2Frevistailustrar.com.br%2Fwp-content%2Fuploads%2F2020%2F12%2Frevista_ilust_7.pdf&#8221;]<div class=\"wbc-heading clearfix\"><div class=\"default-heading\" style=\"font-size:15px;text-align:center;margin-bottom:50px;margin-right:auto;margin-left:auto;max-width:770px;\"><strong>Edi\u00e7\u00e3o 07 - 2009<\/strong><br \/>\nJunior Lopes,<br \/>\nCarlos Nine,<br \/>\nRicardo Antunes,<br \/>\nEug\u00eanio Colonnese,<br \/>\nSoud,<br \/>\nHiro.<\/div><\/div>[\/vc_column][vc_column width=&#8221;1\/5&#8243;][vc_single_image image=&#8221;282&#8243; img_size=&#8221;full&#8221; alignment=&#8221;center&#8221; style=&#8221;vc_box_outline&#8221; onclick=&#8221;link_image&#8221; css_animation=&#8221;top-to-bottom&#8221;][vc_btn title=&#8221;DOWNLOAD .PDF&#8221; color=&#8221;danger&#8221; size=&#8221;sm&#8221; align=&#8221;center&#8221; css_animation=&#8221;fadeIn&#8221; link=&#8221;url:http%3A%2F%2Frevistailustrar.com.br%2Fwp-content%2Fuploads%2F2020%2F12%2Frevista_ilust_6.pdf|target:_blank&#8221;]<div class=\"wbc-heading clearfix\"><div class=\"default-heading\" style=\"font-size:15px;text-align:center;margin-bottom:50px;margin-right:auto;margin-left:auto;max-width:770px;\"><strong>Edi\u00e7\u00e3o 06<\/strong><br \/>\nKako,<br \/>\nDavid Dowton,<br \/>\nLeo Gibran,<br \/>\nP\u00e9ricles,<br \/>\nFuria,<br \/>\nDaniel Bueno.<\/div><\/div>[\/vc_column][vc_column width=&#8221;1\/5&#8243;][vc_single_image image=&#8221;281&#8243; img_size=&#8221;full&#8221; alignment=&#8221;center&#8221; style=&#8221;vc_box_outline&#8221; onclick=&#8221;link_image&#8221; css_animation=&#8221;right-to-left&#8221;][vc_btn title=&#8221;DOWNLOAD .PDF&#8221; color=&#8221;danger&#8221; size=&#8221;sm&#8221; align=&#8221;center&#8221; css_animation=&#8221;fadeIn&#8221; link=&#8221;url:http%3A%2F%2Frevistailustrar.com.br%2Fwp-content%2Fuploads%2F2020%2F12%2Frevista_ilust_5.pdf|target:_blank&#8221;]<div class=\"wbc-heading clearfix\"><div class=\"default-heading\" style=\"font-size:15px;text-align:center;margin-bottom:50px;margin-right:auto;margin-left:auto;max-width:770px;\"><strong>Edi\u00e7\u00e3o 05<\/strong><br \/>\nZ\u00e9 Ot\u00e1vio,<br \/>\nDrew Struzan,<br \/>\nBenicio,<br \/>\nJ. Carlos,<br \/>\nC\u00e1rcamo,<br \/>\nRubens Ewald Filho.<\/div><\/div>[\/vc_column][\/vc_row][vc_row disable_element=&#8221;yes&#8221; row_type=&#8221;full_width&#8221; type=&#8221;container&#8221; p_top=&#8221;2&#8243; p_bottom=&#8221;2&#8243; anchor=&#8221;revista&#8221;][vc_column width=&#8221;1\/5&#8243;][vc_single_image image=&#8221;280&#8243; img_size=&#8221;full&#8221; alignment=&#8221;center&#8221; style=&#8221;vc_box_outline&#8221; onclick=&#8221;link_image&#8221; css_animation=&#8221;right-to-left&#8221;][vc_btn title=&#8221;DOWNLOAD .PDF&#8221; color=&#8221;danger&#8221; size=&#8221;sm&#8221; align=&#8221;center&#8221; css_animation=&#8221;fadeIn&#8221; link=&#8221;url:http%3A%2F%2Frevistailustrar.com.br%2Fwp-content%2Fuploads%2F2020%2F12%2Frevista_ilust_4.pdf|target:_blank&#8221;]<div class=\"wbc-heading clearfix\"><div class=\"default-heading\" style=\"font-size:15px;text-align:center;margin-bottom:50px;margin-right:auto;margin-left:auto;max-width:770px;\"><strong>Edi\u00e7\u00e3o 04<\/strong><br \/>\nEspecial Edition: Female Illustrators<br \/>\nFernanda Guedes,<br \/>\nMary GrandPr\u00e9,<br \/>\nAmanda Grazini,<br \/>\nCreusa de Oliveira,<br \/>\nCris de Lara,<br \/>\nCatia Chien.<\/div><\/div>[\/vc_column][vc_column width=&#8221;1\/5&#8243;][vc_single_image image=&#8221;279&#8243; img_size=&#8221;full&#8221; alignment=&#8221;center&#8221; style=&#8221;vc_box_outline&#8221; onclick=&#8221;link_image&#8221; css_animation=&#8221;top-to-bottom&#8221;][vc_btn title=&#8221;DOWNLOAD .PDF&#8221; color=&#8221;danger&#8221; size=&#8221;sm&#8221; align=&#8221;center&#8221; css_animation=&#8221;fadeIn&#8221; link=&#8221;url:http%3A%2F%2Frevistailustrar.com.br%2Fwp-content%2Fuploads%2F2020%2F12%2Frevista_ilust_3.pdf|target:_blank&#8221;]<div class=\"wbc-heading clearfix\"><div class=\"default-heading\" style=\"font-size:15px;text-align:center;margin-bottom:50px;margin-right:auto;margin-left:auto;max-width:770px;\"><strong>Edi\u00e7\u00e3o 03<\/strong><br \/>\nLelis,<br \/>\nBrad Holland,<br \/>\nIriam,<br \/>\nOrlando Pedroso,<br \/>\nJayme Cortez,<br \/>\nBaptist\u00e3o,<br \/>\nRog\u00e9rio Vilela.<\/div><\/div>[\/vc_column][vc_column width=&#8221;1\/5&#8243;][vc_single_image image=&#8221;277&#8243; img_size=&#8221;full&#8221; alignment=&#8221;center&#8221; style=&#8221;vc_box_outline&#8221; onclick=&#8221;link_image&#8221; css_animation=&#8221;left-to-right&#8221;][vc_btn title=&#8221;DOWNLOAD .PDF&#8221; color=&#8221;danger&#8221; size=&#8221;sm&#8221; align=&#8221;center&#8221; css_animation=&#8221;fadeIn&#8221; link=&#8221;url:http%3A%2F%2Frevistailustrar.com.br%2Fwp-content%2Fuploads%2F2020%2F12%2Frevista_ilust_2.pdf|target:_blank&#8221;]<div class=\"wbc-heading clearfix\"><div class=\"default-heading\" style=\"font-size:15px;text-align:center;margin-bottom:50px;margin-right:auto;margin-left:auto;max-width:770px;\"><strong>Edi\u00e7\u00e3o 02<\/strong><br \/>\nWeberson Santiago,<br \/>\nMartin French,<br \/>\nMario Alberto,<br \/>\nManoel Victor Filho,<br \/>\nBenicio,<br \/>\nZiraldo.<\/div><\/div>[\/vc_column][vc_column width=&#8221;1\/5&#8243;][vc_single_image image=&#8221;284&#8243; img_size=&#8221;full&#8221; alignment=&#8221;center&#8221; style=&#8221;vc_box_outline&#8221; onclick=&#8221;link_image&#8221; css_animation=&#8221;top-to-bottom&#8221;][vc_btn title=&#8221;DOWNLOAD .PDF&#8221; color=&#8221;danger&#8221; size=&#8221;sm&#8221; align=&#8221;center&#8221; css_animation=&#8221;fadeIn&#8221; link=&#8221;url:http%3A%2F%2Frevistailustrar.com.br%2Fwp-content%2Fuploads%2F2020%2F12%2Frevista_ilust_1.pdf|target:_blank&#8221;]<div class=\"wbc-heading clearfix\"><div class=\"default-heading\" style=\"font-size:15px;text-align:center;margin-bottom:50px;margin-right:auto;margin-left:auto;max-width:770px;\"><strong>Edi\u00e7\u00e3o 01<\/strong><br \/>\nSamuel Casal,<br \/>\nArthur de Pins,<br \/>\nEduardo Schaal,<br \/>\nOrlando Pedroso,<br \/>\nNico Rosso,<br \/>\nRicardo Antunes,<br \/>\nRenato Alarc\u00e3o.<\/div><\/div>[\/vc_column][vc_column width=&#8221;1\/5&#8243;][\/vc_column][\/vc_row][vc_row row_type=&#8221;full_width&#8221; type=&#8221;container&#8221; bg_select=&#8221;bg_parallax&#8221; parallax_speed=&#8221;0&#8243; bg_color=&#8221;#ffffff&#8221; p_top=&#8221;15&#8243; anchor=&#8221;IllustratorGuide&#8221; p_bottom=&#8221;15&#8243;][vc_column font_color=&#8221;#ffffff&#8221; p_bottom=&#8221;30&#8243; p_top=&#8221;4%&#8221;]<div class=\"wbc-heading clearfix\"><h1 class=\"special-heading-2\" style=\"font-size:50px;text-align:center;margin-bottom:0px;margin-right:auto;margin-left:auto;max-width:600px;\"><strong>Illustrator's Guide<\/strong><\/h1><\/div><hr class=\"wbc-hr\" style=\"background-color:#000000;width:80px;height:4px;\" \/><div class=\"wbc-heading clearfix\"><h2 class=\"default-heading\" style=\"font-size:15px;color:#000000;text-align:center;margin-bottom:50px;margin-right:auto;margin-left:auto;max-width:770px;\">Quality guidance, and completely free!<\/h2><\/div>[\/vc_column][vc_column width=&#8221;1\/2&#8243;]<div class=\"wbc-heading clearfix\"><h3 class=\"special-heading-1 md-responsive-text-40\" style=\"font-size:55px;color:#000000;margin-bottom:20px;\">Your Definitive Guide!!<\/h3><\/div><div class=\"wbc-heading clearfix\"><div class=\"default-heading\" style=\"font-size:17px;color:#000000;margin-bottom:50px;\">PORTUGUESE ONLY!!<br \/>\nHere you can download the free Illustrator Guide, the most important professional guidance guide ever made in Brazil.<br \/>\nIt was written and coordinated in 2007 by the illustrator Ricardo Antunes, with the review and support of 10 of the greatest Brazilian illustrators (Angelo Shuman, Benicio, Eduardo Schaal, Gonzalo C\u00e1rcamo, Jos\u00e9 Alberto Lovetro \/ JAL, Kako, Montalvo Machado, Mozart Couto, Orlando Pedroso, Rog\u00e9rio Vilela), legal support from one of the greatest lawyers specialized in copyright in Brazil, Dr. Eduardo Pimenta, and the collaboration of award-winning publicist Eug\u00eanio Mohallen with excerpts and authorized adaptations of his `` Intern's Guide``.<\/p>\n<p>Due to its enormous contribution to the market, Guia do Ilustrador won the HQMix Award, one of the most important awards in the graphic area in the country.<\/p>\n<p>As it was written in 2007, some information may be a little out of date, but almost all of the guide remains current. Enjoy it.<\/p>\n<p>PORTUGUESE ONLY!!<\/div><\/div>[vc_btn title=&#8221;DOWNLOAD PDF&#8221; color=&#8221;danger&#8221; align=&#8221;center&#8221; link=&#8221;url:http%3A%2F%2Frevistailustrar.com.br%2Fwp-content%2Fuploads%2F2020%2F12%2Fguia_do_ilustrador.pdf&#8221;][\/vc_column][vc_column width=&#8221;1\/2&#8243;][vc_single_image image=&#8221;369&#8243; img_size=&#8221;364 x516&#8243; alignment=&#8221;center&#8221; style=&#8221;vc_box_outline&#8221;][\/vc_column][vc_column][\/vc_column][\/vc_row][vc_row row_type=&#8221;full_width&#8221; type=&#8221;container&#8221; bg_select=&#8221;bg_parallax&#8221; parallax_speed=&#8221;0&#8243; bg_color=&#8221;#ffffff&#8221; p_top=&#8221;15&#8243; anchor=&#8221;ebooks&#8221; p_bottom=&#8221;15&#8243;][vc_column font_color=&#8221;#ffffff&#8221; p_bottom=&#8221;30&#8243; p_top=&#8221;4%&#8221;]<div class=\"wbc-heading clearfix\"><h1 class=\"special-heading-2\" style=\"font-size:50px;text-align:center;margin-bottom:0px;margin-right:auto;margin-left:auto;max-width:600px;\"><strong>eBooks<\/strong><\/h1><\/div><hr class=\"wbc-hr\" style=\"background-color:#000000;width:80px;height:4px;\" \/><div class=\"wbc-heading clearfix\"><h2 class=\"default-heading\" style=\"font-size:15px;color:#000000;text-align:center;margin-bottom:50px;margin-right:auto;margin-left:auto;max-width:770px;\">Online editions of partners and Ilustrar Artists....and free!<\/h2><\/div>[\/vc_column][vc_column width=&#8221;1\/2&#8243;]<div class=\"wbc-heading clearfix\"><h3 class=\"special-heading-1 md-responsive-text-40\" style=\"font-size:55px;color:#000000;margin-bottom:20px;\">M\u00c1SCARAS, \u00c1LCOOL GEL E CIA.<\/h3><\/div><div class=\"wbc-heading clearfix\"><h3 class=\"special-heading-1 md-responsive-text-40\" style=\"font-size:25px;color:#000000;margin-bottom:20px;\">MARCELO MARTINEZ<\/h3><\/div><div class=\"wbc-heading clearfix\"><div class=\"default-heading\" style=\"font-size:17px;color:#000000;margin-bottom:50px;\">A collection of cartoons by Marcelo Martinez, made during the pandemic on a free mobile app to draw with your finger. Initially posted on social media under the hashtag #dedosobresteladecelular, the material is now gathered in a book, as a record about boredom, quarantine and that crazy year that was 2020.<\/p>\n<p>Marcelo Martinez is a screenwriter, graphic designer and illustrator. At TV Globo, he is part of the team of authors of programs such as T\u00e1 no Ar and Zorra. In his Secret Laboratory, he signs award-winning design and illustration projects exhibited in several countries.<\/p>\n<p>PORTUGUESE ONLY!<\/div><\/div><div class=\"wbc-heading clearfix\"><div class=\"default-heading\" style=\"font-size:17px;color:#000000;margin-bottom:50px;\"><a href=\"http:\/\/www.laboratoriosecreto.com\/\" target=\"_blank\">www.laboratoriosecreto.com<\/a><\/div><\/div>[\/vc_column][vc_column width=&#8221;1\/2&#8243;][vc_single_image image=&#8221;368&#8243; img_size=&#8221;full&#8221; alignment=&#8221;center&#8221; style=&#8221;vc_box_outline&#8221;][vc_empty_space height=&#8221;10px&#8221;][vc_btn title=&#8221;DOWNLOAD PDF&#8221; color=&#8221;danger&#8221; align=&#8221;center&#8221; css_animation=&#8221;fadeIn&#8221; link=&#8221;url:http%3A%2F%2Frevistailustrar.com.br%2Fwp-content%2Fuploads%2F2020%2F12%2Fmascaras_alcoolgel_ecia.pdf&#8221;][\/vc_column][vc_column][\/vc_column][\/vc_row][vc_row row_type=&#8221;full_width&#8221; type=&#8221;container&#8221; p_top=&#8221;70&#8243; p_bottom=&#8221;5&#8243; anchor=&#8221;artists&#8221;][vc_column]<div class=\"wbc-heading clearfix\"><h1 class=\"special-heading-2\" style=\"font-size:50px;text-align:center;margin-bottom:0px;margin-right:auto;margin-left:auto;max-width:600px;\"><strong>Artists<\/strong><\/h1><\/div><hr class=\"wbc-hr\" style=\"background-color:#000000;width:80px;height:4px;\" \/><div class=\"wbc-heading clearfix\"><h2 class=\"default-heading\" style=\"font-size:15px;text-align:center;margin-bottom:50px;margin-right:auto;margin-left:auto;max-width:770px;\">Full List of Artists, Articles and Special Issues.<\/h2><\/div>[\/vc_column][vc_column][vc_column_text css_animation=&#8221;fadeIn&#8221;]<strong>ARTISTAS<\/strong>[\/vc_column_text][\/vc_column][vc_column width=&#8221;1\/6&#8243;][vc_column_text css_animation=&#8221;fadeIn&#8221;]<span style=\"font-size: large;\"><strong>A:<\/strong><\/span><br \/>\n<a href=\"https:\/\/daniel-adel.format.com\/\" target=\"_blank\" rel=\"noopener\">Daniel\u00a0<strong>Adel<\/strong>:\u00a0 issue # 8<\/a><br \/>\nMattias\u00a0<strong>Adolfsson<\/strong>:\u00a0 issue # 23<br \/>\nRenato\u00a0<strong>Alarc\u00e3o<\/strong>:\u00a0 issue # 1 \/ 11 \/ 33<br \/>\nMario\u00a0<strong>Alberto<\/strong>:\u00a0 issue # 2<br \/>\nTiago\u00a0<strong>Albuquerque<\/strong>:\u00a0 issue # 33<br \/>\nRayner\u00a0<strong>Alencar<\/strong>:\u00a0\u00a0issue # 34<br \/>\nAngelo\u00a0<strong>Agostini<\/strong>:\u00a0 issue # 15<br \/>\n<strong>Ant\u00f3nio<\/strong>:\u00a0 issue # 9<br \/>\nRicardo\u00a0<strong>Antunes<\/strong>\u00a0:\u00a0 issue # 1 \/ 7 \/ 26 \/ 38<br \/>\nRenato\u00a0<strong>Alvim<\/strong>:\u00a0 issue # 26<br \/>\nPietro\u00a0<strong>Antognioni<\/strong>:\u00a0 issue # 25<br \/>\nZakuro<strong>\u00a0Aoyama<\/strong>:\u00a0 issue # 35<br \/>\nCarlos\u00a0<strong>Ara\u00fajo<\/strong>:\u00a0 issue # 15 \/ 39<br \/>\nMarshall\u00a0<strong>Arisman<\/strong>:\u00a0 issue # 19<br \/>\nGuilherme\u00a0<strong>Asthma<\/strong>:\u00a0 issue # 38[\/vc_column_text][\/vc_column][vc_column width=&#8221;1\/6&#8243;][vc_column_text css_animation=&#8221;fadeIn&#8221;]<span style=\"font-size: large;\"><strong>B:<\/strong><\/span><br \/>\nMario\u00a0<strong>Bag<\/strong>:\u00a0 issue # 17<br \/>\nEduardo\u00a0<strong>Bajzek<\/strong>:\u00a0 issue # 26 \/ 16<br \/>\nEduardo\u00a0<strong>Baptist\u00e3o<\/strong>:\u00a0 issue # 3 \/ 32<br \/>\nJulia\u00a0<strong>Bax<\/strong>:\u00a0 issue # 35 \/ 25<br \/>\nEduardo\u00a0<strong>Belga<\/strong>:\u00a0 issue # 24<br \/>\n<a href=\"https:\/\/www.instagram.com\/joseluizbenicio\/\" target=\"_blank\" rel=\"noopener\"><strong>Benicio<\/strong>:\u00a0 issue # 2 \/ 5 \/ 8 \/ 21 \/ 32 \/ 35 \/ 36 \/ 42<\/a><br \/>\nRune\u00a0<strong>Bennicke<\/strong>:\u00a0 issue # 21<br \/>\nSuryara\u00a0<strong>Bernardi<\/strong>:\u00a0 issue # 27<br \/>\nPaulo\u00a0<strong>Brabo<\/strong>:\u00a0 issue # 16<br \/>\nMarcelo\u00a0<strong>Braga<\/strong>:\u00a0 issue # 11<br \/>\nDaniel\u00a0<strong>Bueno<\/strong>:\u00a0 issue # 6 \/ 23<br \/>\nMiss\u00a0<strong>Bugs<\/strong>:\u00a0 issue # 22<br \/>\nPhilip\u00a0<strong>Burke<\/strong>:\u00a0 issue # 31[\/vc_column_text][\/vc_column][vc_column width=&#8221;1\/6&#8243;][vc_column_text css_animation=&#8221;fadeIn&#8221;]<span style=\"font-size: large;\"><strong>C:<\/strong><\/span><br \/>\nDavi\u00a0<strong>Calil<\/strong>:\u00a0 issue # 33 \/ 23<br \/>\nMi\u00e9cio\u00a0<strong>Caff\u00e9<\/strong>:\u00a0 issue # 10<br \/>\nScott\u00a0<strong>Campbell<\/strong>:\u00a0 issue # 12<br \/>\nGonzalo\u00a0<strong>C\u00e1rcamo<\/strong>:\u00a0 issue # 5 \/ 23<br \/>\nLaurent\u00a0<strong>Cardon<\/strong>:\u00a0 issue # 22<br \/>\nJ.\u00a0<strong>Carlos<\/strong>:\u00a0 issue # 5<br \/>\n<a href=\"https:\/\/albertocasagrande.com\/\" target=\"_blank\" rel=\"noopener\">Alberto <strong>Casagrande:<\/strong> issue # 41<\/a><br \/>\nSamuel\u00a0<strong>Casal<\/strong>:\u00a0 issue # 1<br \/>\nCarlos\u00a0<strong>Chagas<\/strong>:\u00a0 issue # 8 \/ 38<br \/>\nCatia\u00a0<strong>Chien<\/strong>:\u00a0 issue # 4<br \/>\nRog\u00e9rio\u00a0<strong>Coelho<\/strong>:\u00a0 issue # 18<br \/>\nEug\u00eanio\u00a0<strong>Colonnese<\/strong>:\u00a0 issue # 7<br \/>\nMatthew\u00a0<strong>Cook<\/strong>:\u00a0 issue # 24<br \/>\nFabio\u00a0<strong>Corazza<\/strong>:\u00a0\u00a0issue # 32 \/ 35 \/ 38<br \/>\nHenrique Alvim\u00a0<strong>Corr\u00eaa<\/strong>:\u00a0 issue # 37<br \/>\nJayme\u00a0<strong>Cortez<\/strong>:\u00a0 issue # 3<br \/>\nRoger\u00a0<strong>Cruz<\/strong>:\u00a0 issue # 15 \/ 32[\/vc_column_text][\/vc_column][vc_column width=&#8221;1\/6&#8243;][vc_column_text css_animation=&#8221;fadeIn&#8221;]<span style=\"font-size: large;\"><strong>D:<\/strong><\/span><br \/>\nMarcelo\u00a0<strong>Daldoce<\/strong>:\u00a0 issue # 14<br \/>\nMike\u00a0<strong>Deodato Jr.<\/strong>:\u00a0 issue # 24<br \/>\nDavid\u00a0<strong>Dowton<\/strong>:\u00a0 issue # 6<br \/>\n<strong>DR2 Ilustra\u00e7\u00e3o<\/strong>:\u00a0 issue # 17<br \/>\nGustavo\u00a0<strong>Duarte<\/strong>:\u00a0 issue # 12[\/vc_column_text][\/vc_column][vc_column width=&#8221;1\/6&#8243;][vc_column_text css_animation=&#8221;fadeIn&#8221;]<span style=\"font-size: large;\"><strong>E:<\/strong><\/span><br \/>\nCris\u00a0<strong>Eich<\/strong>:\u00a0 issue # 18 \/ 39<br \/>\nSabrina Eras:\u00a0 issue # 21 \/ 9<br \/>\nAlexandre\u00a0<strong>Eschenbach<\/strong>:\u00a0 issue # 22<br \/>\nRubens\u00a0<strong>Ewald Filho<\/strong>:\u00a0 issue # 5[\/vc_column_text][\/vc_column][vc_column width=&#8221;1\/6&#8243;][vc_column_text css_animation=&#8221;fadeIn&#8221;]<span style=\"font-size: large;\"><strong>F:<\/strong><\/span><br \/>\nRenato\u00a0<strong>Faccini<\/strong>:\u00a0 issue # 28<br \/>\nAriel\u00a0<strong>Fajtlowicz<\/strong>:\u00a0 issue # 24<br \/>\nFlavio\u00a0<strong>Fargas<\/strong>:\u00a0 issue # 16<br \/>\nRick\u00a0<strong>Fernandes<\/strong>:\u00a0 issue # 33<br \/>\nJean\u00a0<strong>Fhilippe<\/strong>:\u00a0 issue # 29<br \/>\nBart\u00a0<strong>Forbes<\/strong>:\u00a0 issue # 13<br \/>\n<a href=\"https:\/\/www.instagram.com\/leandrofca\/\" target=\"_blank\" rel=\"noopener\">Leandro <strong>Francisca:<\/strong> issue # 42<\/a><br \/>\nBernardo\u00a0<strong>Fran\u00e7a<\/strong>:\u00a0 issue # 23 \/ 27 \/ 32<br \/>\nDenis\u00a0<strong>Freitas<\/strong>: \u00a0 issue # 36<br \/>\nMartin\u00a0<strong>French<\/strong>:\u00a0 issue # 2<br \/>\n<strong>Furia<\/strong>:\u00a0 issue # 6<br \/>\nThomas <strong>Fluharty<\/strong>: issue #39[\/vc_column_text][\/vc_column][\/vc_row][vc_row row_type=&#8221;full_width&#8221; type=&#8221;container&#8221; p_top=&#8221;5&#8243; p_bottom=&#8221;5&#8243; anchor=&#8221;artistas&#8221;][vc_column width=&#8221;1\/6&#8243;][vc_column_text css_animation=&#8221;fadeIn&#8221;]<span style=\"font-size: large;\"><strong>G:<\/strong><\/span><br \/>\nLeo\u00a0<strong>Gibran<\/strong>:\u00a0 issue # 6 \/ 32<br \/>\n<a href=\"https:\/\/ilustragomes.artstation.com\/\" target=\"_blank\" rel=\"noopener\">Marcelo\u00a0<strong>Gomes<\/strong>:\u00a0 issue # 33 \/ 42<\/a><br \/>\nHector\u00a0<strong>Gomez<\/strong>:\u00a0 issue # 12<br \/>\nDerek\u00a0<strong>Gores<\/strong>:\u00a0 issue # 28<br \/>\nMary\u00a0<strong>GrandPr\u00e9<\/strong>:\u00a0 issue # 4<br \/>\nAmanda\u00a0<strong>Grazini<\/strong>:\u00a0 issue # 4<br \/>\nOscar\u00a0<strong>Grillo<\/strong>:\u00a0 issue # 25<br \/>\nFernanda\u00a0<strong>Guedes<\/strong>:\u00a0 issue # 4<br \/>\nRicardo\u00a0<strong>Guimar\u00e3es<\/strong>:\u00a0 issue # 28[\/vc_column_text][\/vc_column][vc_column width=&#8221;1\/6&#8243;][vc_column_text css_animation=&#8221;fadeIn&#8221;]<span style=\"font-size: large;\"><strong>H:<\/strong><\/span><br \/>\nSam<strong>\u00a0Hart<\/strong>:\u00a0 issue # 37<br \/>\n<strong>Henfil<\/strong>:\u00a0 issue # 12<br \/>\nL\u00facia\u00a0<strong>Hiratsuka<\/strong>:\u00a0 issue # 18<br \/>\n<strong>Hiro<\/strong>:\u00a0 issue # 7 \/ 9 \/ 27 \/ 32<br \/>\nTiago\u00a0<strong>Hoisel<\/strong>:\u00a0 issue # 13<br \/>\nBrad\u00a0<strong>Holland<\/strong>:\u00a0 issue # 3<br \/>\nLudwig <strong>Hohlwein<\/strong>: issue #39[\/vc_column_text][\/vc_column][vc_column width=&#8221;1\/6&#8243;][vc_column_text css_animation=&#8221;fadeIn&#8221;]<span style=\"font-size: large;\"><strong>I:<\/strong><\/span><br \/>\n<strong>Iriam<\/strong>:\u00a0 issue # 3[\/vc_column_text][\/vc_column][vc_column width=&#8221;1\/6&#8243;][vc_column_text css_animation=&#8221;fadeIn&#8221;]<span style=\"font-size: large;\"><strong>J:<\/strong><\/span><br \/>\n<strong>Jal<\/strong>:\u00a0 issue # 12<br \/>\nClayton\u00a0<strong>Junior<\/strong>:\u00a0 issue # 10<br \/>\nLezio\u00a0<strong>Junior<\/strong>:\u00a0 issue # 38<br \/>\nKim\u00a0<strong>Jung-Gi<\/strong>:\u00a0 issue # 34<br \/>\nIgn\u00e1cio\u00a0<strong>Justo<\/strong>:\u00a0 issue # 11[\/vc_column_text][\/vc_column][vc_column width=&#8221;1\/6&#8243;][vc_column_text css_animation=&#8221;fadeIn&#8221;]<span style=\"font-size: large;\"><strong>K:<\/strong><\/span><br \/>\n<strong>Kako<\/strong>:\u00a0 issue # 6<br \/>\n<strong>Kobra<\/strong>:\u00a0 issue # 29<br \/>\nAna Luiza\u00a0<strong>Koehler<\/strong>:\u00a0 issue # 27<br \/>\n<a href=\"https:\/\/www.instagram.com\/amandaakozak\/\" target=\"_blank\" rel=\"noopener\">Amanda <strong>Kozak:<\/strong> issue #42<\/a>[\/vc_column_text][\/vc_column][vc_column width=&#8221;1\/6&#8243;][vc_column_text css_animation=&#8221;fadeIn&#8221;]<span style=\"font-size: large;\"><strong>L:<\/strong><\/span><br \/>\nTiago\u00a0<strong>Lacerda<\/strong>:\u00a0 issue # 27<br \/>\nCris de\u00a0<strong>Lara<\/strong>:\u00a0 issue # 4<br \/>\n<a href=\"https:\/\/www.artstation.com\/lucasleibholz\" target=\"_blank\" rel=\"noopener\">Lucas\u00a0<strong>Leibholz<\/strong>:\u00a0 issue # 19 \/ 41<\/a><br \/>\n<strong>L\u00e9lis<\/strong>:\u00a0 issue # 3 \/ 38<br \/>\nHans\u00a0<strong>Liska<\/strong>:\u00a0 issue # 21<br \/>\nVictor\u00a0<strong>Leguy<\/strong>:\u00a0 issue # 24<br \/>\nFernando\u00a0<strong>Lopes<\/strong>:\u00a0 issue # 17<br \/>\nJoel\u00a0<strong>Lobo<\/strong>:\u00a0\u00a0issue # 32<br \/>\nJunior\u00a0<strong>Lopes<\/strong>:\u00a0 issue # 7<br \/>\nC\u00e1ssio\u00a0<strong>Loredano<\/strong>:\u00a0 issue # 31[\/vc_column_text][\/vc_column][\/vc_row][vc_row row_type=&#8221;full_width&#8221; type=&#8221;container&#8221; p_top=&#8221;5&#8243; p_bottom=&#8221;5&#8243; anchor=&#8221;artistas&#8221;][vc_column width=&#8221;1\/6&#8243;][vc_column_text css_animation=&#8221;fadeIn&#8221; css=&#8221;&#8221;]<span style=\"font-size: large;\"><strong>M:<\/strong><\/span><br \/>\nJuarez\u00a0<strong>Machado<\/strong>:\u00a0 issue # 15<br \/>\n<a href=\"https:\/\/www.rodmafra.com\/\" target=\"_blank\" rel=\"noopener\">Rodrigo <strong>Mafra<\/strong>: issue #49<\/a><br \/>\nMontalvo <strong>Machado<\/strong>:\u00a0 issue # 9 \/ 13<br \/>\nGilberto\u00a0<strong>Marchi<\/strong>:\u00a0 issue # 8<br \/>\n<strong>Mariza<\/strong>:\u00a0 issue # 35<br \/>\nSergio\u00a0<strong>Martinez<\/strong>:\u00a0 issue # 10<br \/>\nStefan <strong>Marjoram:<\/strong> issue # 41<br \/>\nFelipe\u00a0<strong>Massafera<\/strong>:\u00a0 issue # 34<br \/>\nPedro\u00a0<strong>Mauro<\/strong>:\u00a0 issue # 36<br \/>\nDom\u00ednio <strong>Mayer<\/strong>:\u00a0 issue #39<br \/>\nCarlos\u00a0<strong>Meira<\/strong>:\u00a0 issue # 14 \/ 36<br \/>\n<strong>Maurenilson<\/strong>:\u00a0 issue # 19<br \/>\nSilvano\u00a0<strong>Mello<\/strong>:\u00a0 issue # 29<br \/>\nAugusto\u00a0<strong>Minighitti<\/strong>:\u00a0 issue # 32 \/ 38<br \/>\nM\u00e1rcio\u00a0<strong>Morais<\/strong>:\u00a0 issue # 32<br \/>\n<a href=\"https:\/\/www.simonedemoraes.com\/\" target=\"_blank\" rel=\"noopener\">Simone de <strong>Moraes<\/strong>: issue #48<\/a><br \/>\nFernando\u00a0<strong>Mosca<\/strong>:\u00a0 issue # 11<br \/>\nWill\u00a0<strong>Murai<\/strong>:\u00a0 issue # 20[\/vc_column_text][\/vc_column][vc_column width=&#8221;1\/6&#8243;][vc_column_text css_animation=&#8221;fadeIn&#8221; css=&#8221;&#8221;]<span style=\"font-size: large;\"><strong>N:<\/strong><\/span><br \/>\nPatrick\u00a0<strong>Nagel<\/strong>:\u00a0 issue # 20<br \/>\nFereshteh\u00a0<strong>Najafi<\/strong>: \u00a0issue # 36<br \/>\nMarilena\u00a0<strong>Nardi<\/strong>:\u00a0 issue # 37<br \/>\nMariana\u00a0<strong>Newlands<\/strong>:\u00a0 issue # 18<br \/>\nRoberto\u00a0<strong>Negreiros<\/strong>:\u00a0 issue # 10 \/ 32<br \/>\n<a href=\"http:\/\/www.waldomironeto.com\/\" target=\"_blank\" rel=\"noopener\">Waldomiro <strong>Neto:\u00a0 <\/strong>issue #42<\/a><br \/>\n<a href=\"https:\/\/johnnicklestudio.com\/\" target=\"_blank\" rel=\"noopener\">John <strong>Nickle<\/strong>:\u00a0 issue #49<\/a><br \/>\nCarlos <strong>Nine<\/strong>:\u00a0 issue # 7[\/vc_column_text][\/vc_column][vc_column width=&#8221;1\/6&#8243;][vc_column_text css_animation=&#8221;fadeIn&#8221;]<span style=\"font-size: large;\"><strong>O:<\/strong><\/span><br \/>\nMassao\u00a0<strong>Okinaka<\/strong>:\u00a0 issue # 9<br \/>\nCreusa de\u00a0<strong>Oliveira<\/strong>:\u00a0 issue # 4<br \/>\nRui de\u00a0<strong>Oliveira<\/strong>:\u00a0 issue # 8 \/ 32<br \/>\nGlen\u00a0<strong>Orbik<\/strong>:\u00a0 issue # 29<br \/>\nZ\u00e9\u00a0<strong>Ot\u00e1vio<\/strong>:\u00a0 issue # 5 \/ 32[\/vc_column_text][\/vc_column][vc_column width=&#8221;1\/6&#8243;][vc_column_text css_animation=&#8221;fadeIn&#8221;]<span style=\"font-size: large;\"><strong>P:<\/strong><\/span><br \/>\nLula\u00a0<strong>Palomanes<\/strong>:\u00a0 issue # 13<br \/>\nRogerio\u00a0<strong>Pedro<\/strong>:\u00a0 issue # 37<br \/>\nOrlando\u00a0<strong>Pedroso<\/strong>:\u00a0 issue # 1 \/ 3 \/ 32<br \/>\nMarcus\u00a0<strong>Penna<\/strong>:\u00a0 issue # 21<br \/>\n<strong>P\u00e9ricles<\/strong>:\u00a0 issue # 6<br \/>\nAmilcar\u00a0<strong>Pinna<\/strong>:\u00a0 issue # 20<br \/>\nArthur de\u00a0<strong>Pins<\/strong>:\u00a0 issue # 1[\/vc_column_text][\/vc_column][vc_column width=&#8221;1\/6&#8243;][vc_column_text css_animation=&#8221;fadeIn&#8221;]<span style=\"font-size: large;\"><strong>Q:<\/strong><\/span><br \/>\n<strong>Quinho<\/strong>:\u00a0 issue # 20[\/vc_column_text][\/vc_column][vc_column width=&#8221;1\/6&#8243;][vc_column_text css_animation=&#8221;fadeIn&#8221; css=&#8221;&#8221;]<span style=\"font-size: large;\"><strong>R:<\/strong><\/span><br \/>\nNilton\u00a0<strong>Ramalho<\/strong>:\u00a0 issue # 8<br \/>\nDerek\u00a0<strong>Riggs<\/strong>:\u00a0 issue # 17<br \/>\nOsnei\u00a0<strong>Rocha<\/strong>:\u00a0\u00a0issue # 34<br \/>\n<a href=\"https:\/\/www.williamrochfort.com\/\" target=\"_blank\" rel=\"noopener\">William <strong>Rochfort<\/strong>:\u00a0 issue #49<\/a><br \/>\nWesley <strong>Rodrigues<\/strong>:\u00a0 issue # 31<br \/>\nOtoni Gali <strong>Rosa<\/strong>: issue #39<br \/>\nLuiz\u00a0<strong>Rosso<\/strong>:\u00a0 issue # 11<br \/>\nNico\u00a0<strong>Rosso<\/strong>:\u00a0 issue # 1<br \/>\nJo\u00e3o\u00a0<strong>Ruas<\/strong>:\u00a0 issue # 20<br \/>\nAlberto\u00a0<strong>Ruiz-Diaz<\/strong>:\u00a0 issue # 11[\/vc_column_text][\/vc_column][\/vc_row][vc_row row_type=&#8221;full_width&#8221; type=&#8221;container&#8221; p_top=&#8221;5&#8243; p_bottom=&#8221;5&#8243; anchor=&#8221;artistas&#8221;][vc_column width=&#8221;1\/6&#8243;][vc_column_text css_animation=&#8221;fadeIn&#8221;]<span style=\"font-size: large;\"><strong>S:<\/strong><\/span><br \/>\nKleber\u00a0<strong>Sales<\/strong>:\u00a0 issue # 12<br \/>\n<a href=\"https:\/\/webersonsantiago.com\/\" target=\"_blank\" rel=\"noopener\">Weberson\u00a0<strong>Santiago<\/strong>:\u00a0 issue # 2 \/ 14 \/ 37 \/ 42<\/a><br \/>\nMateus\u00a0<strong>Santolouco<\/strong>:\u00a0 issue # 17<br \/>\nRafael\u00a0<strong>Sarmento<\/strong>:\u00a0 issue # 25<br \/>\n<a href=\"https:\/\/www.facebook.com\/philippe.scoffoni.3\/\" target=\"_blank\" rel=\"noopener\">Philippe <strong>Scoffoni:<\/strong> issue # 42<\/a><br \/>\nEduardo\u00a0<strong>Schaal<\/strong>:\u00a0 issue # 1 \/ 10 \/ 28 \/ 32<br \/>\nMichael\u00a0<strong>Schwab<\/strong>:\u00a0 issue # 26<br \/>\nJason\u00a0<strong>Seiler<\/strong>:\u00a0 issue # 16<br \/>\nFabiana\u00a0<strong>Shizue<\/strong>:\u00a0 issue # 19<br \/>\nElias\u00a0<strong>Silveira<\/strong>:\u00a0 issue # 15<br \/>\nMajane\u00a0<strong>Silveira<\/strong>:\u00a0 issue # 26<br \/>\n<strong>SketchJazz<\/strong>!:\u00a0 issue # 31<br \/>\nCzeslaw\u00a0<strong>Slania<\/strong>:\u00a0 issue # 14<br \/>\n<strong>Soud<\/strong>:\u00a0 issue # 7<br \/>\nMauro\u00a0<strong>Souza<\/strong>:\u00a0 issue # 19 \/ 31 \/ 32<br \/>\nMauricio de\u00a0<strong>Sousa<\/strong>:\u00a0 issue # 18<br \/>\n<strong>Spacca<\/strong>:\u00a0 issue # 13 \/ 32<br \/>\nDrew\u00a0<strong>Struzan<\/strong>:\u00a0 issue # 5[\/vc_column_text][\/vc_column][vc_column width=&#8221;1\/6&#8243;][vc_column_text css_animation=&#8221;fadeIn&#8221; css=&#8221;&#8221;]<span style=\"font-size: large;\"><strong>T:<\/strong><\/span><br \/>\n<a href=\"http:\/\/www.tallaricobenaghi.com.ar\/\" target=\"_blank\" rel=\"noopener\">Catriel <strong>Tallarico:<\/strong> issue # 41 \/ 42<\/a><br \/>\nShaun\u00a0<strong>Tan<\/strong>:\u00a0 issue # 18<br \/>\n<a href=\"https:\/\/www.takiguthi.com.br\/\" target=\"_blank\" rel=\"noopener\">Maur\u00edcio <strong>Takiguthi<\/strong>:\u00a0 issue # 42<\/a><br \/>\nGreg\u00a0<strong>Tocchini<\/strong>:\u00a0 issue # 28<br \/>\nAndr\u00e9\u00a0<strong>Toma<\/strong>:\u00a0 issue # 10<br \/>\nLuis\u00a0<strong>Trimano<\/strong>:\u00a0 issue # 16<br \/>\nOmar <strong>Turcios<\/strong>:\u00a0 issue # 35<br \/>\n<a href=\"https:\/\/en.wikipedia.org\/wiki\/J._M._W._Turner\" target=\"_blank\" rel=\"noopener\">Willian <strong>Turner<\/strong>:\u00a0 issue #49<\/a>[\/vc_column_text][\/vc_column][vc_column width=&#8221;1\/6&#8243;][vc_column_text css_animation=&#8221;fadeIn&#8221;]<span style=\"font-size: large;\"><strong>U:<\/strong><\/span><br \/>\nRosana\u00a0<strong>Urbes<\/strong>:\u00a0 issue # 25[\/vc_column_text][\/vc_column][vc_column width=&#8221;1\/6&#8243;][vc_column_text css_animation=&#8221;fadeIn&#8221;]<span style=\"font-size: large;\"><strong>V:<\/strong><\/span><br \/>\nFrancis\u00a0<strong>Vallejo<\/strong>:\u00a0 issue # 15<br \/>\nLupe\u00a0<strong>Vasconcelos<\/strong>:\u00a0 issue # 22<br \/>\nWalter\u00a0<strong>Vasconcelos<\/strong>:\u00a0 issue # 9<br \/>\nFernando\u00a0<strong>Vicente<\/strong>:\u00a0 issue # 14<br \/>\nManoel\u00a0<strong>Victor Filho<\/strong>:\u00a0 issue # 2<br \/>\nRog\u00e9rio\u00a0<strong>Vilela<\/strong>:\u00a0 issue # 22 \/ 3<br \/>\n<strong>Visca<\/strong>:\u00a0 issue # 14[\/vc_column_text][\/vc_column][vc_column width=&#8221;1\/6&#8243;][vc_column_text css_animation=&#8221;fadeIn&#8221;]<span style=\"font-size: large;\"><strong>Z:<\/strong><\/span><br \/>\n<strong>Ziraldo<\/strong>:\u00a0 issue # 2[\/vc_column_text][\/vc_column][vc_column width=&#8221;1\/6&#8243;][\/vc_column][\/vc_row][vc_row row_type=&#8221;full_width&#8221; type=&#8221;container&#8221; p_top=&#8221;5&#8243; p_bottom=&#8221;70&#8243; anchor=&#8221;artists&#8221;][vc_column width=&#8221;1\/2&#8243;][vc_column_text css_animation=&#8221;fadeIn&#8221;]<strong>ARTICLES<\/strong>[\/vc_column_text][vc_column_text css_animation=&#8221;fadeIn&#8221;]<span style=\"font-size: large;\"><strong>A:<\/strong><\/span><br \/>\nRenato\u00a0<strong>Alarc\u00e3o<\/strong>:\u00a0 issue # 11 \/ 12 \/ 13 \/ 14 \/ 15 \/ 16 \/ 17 \/ 18 \/ 19 \/ 20 \/ 21 \/ 22 \/ 23 \/ 24 \/ 25 \/ 26 \/ 27 \/ 28 \/ 29<\/p>\n<p><span style=\"font-size: large;\"><strong>H:<\/strong><\/span><br \/>\n<strong>Hiro<\/strong>:\u00a0 issue # 30<br \/>\nBrad\u00a0<strong>Holland<\/strong>:\u00a0 issue # 12 \/ 13 \/ 14 \/ 15 \/ 16 \/ 17 \/ 18 \/ 19 \/ 20 \/ 21<\/p>\n<p><span style=\"font-size: large;\"><strong>K:<\/strong><\/span><br \/>\n<strong>Kako<\/strong>:\u00a0 issue # 30<\/p>\n<p><strong><span style=\"font-size: large;\">M:<\/span><\/strong><br \/>\nMarcelo<strong>\u00a0Martinez<\/strong>:\u00a0 issue # 36<br \/>\nLaz\u00a0<strong>Muniz<\/strong>:\u00a0 issue # 37<\/p>\n<p><span style=\"font-size: large;\"><strong>N:<\/strong><\/span><br \/>\n<strong>Negreiros<\/strong>:\u00a0 issue # 30<\/p>\n<p><span style=\"font-size: large;\"><strong>P:<\/strong><\/span><br \/>\nOrlando\u00a0<strong>Pedroso<\/strong>:\u00a0 issue # 30 \/ 33 \/ 34<\/p>\n<p><span style=\"font-size: large;\"><strong>S:<\/strong><\/span><br \/>\nEduardo\u00a0<strong>Schaal<\/strong>:\u00a0 issue # 31<br \/>\n<strong>Spacca<\/strong>:\u00a0 issue # 30<\/p>\n<p><span style=\"font-size: large;\"><strong>T:<\/strong><\/span><br \/>\nEduardo Torelli:\u00a0 issue # 35[\/vc_column_text][\/vc_column][vc_column width=&#8221;1\/2&#8243;][vc_column_text css_animation=&#8221;fadeIn&#8221;]<strong>SPECIALS ISSUES\u00a0<\/strong>[\/vc_column_text][vc_column_text css_animation=&#8221;fadeIn&#8221;]Special Edition &#8211;\u00a0<strong>Sketchbook Experience<\/strong>:\u00a0 issue # 32<br \/>\nSpecial Edition &#8211;\u00a0<strong>5th Anniversary<\/strong>:\u00a0 issue # 30<br \/>\nSpecial Edition &#8211;\u00a0<strong>Children&#8217;s Book<\/strong>:\u00a0 issue # 18<br \/>\nSpecial Edition &#8211;\u00a0<strong>Great Masters<\/strong>:\u00a0 issue # 8<br \/>\nSpecial Edition &#8211;\u00a0<strong>Female Illustrators<\/strong>:\u00a0 issue # 4[\/vc_column_text][\/vc_column][\/vc_row][vc_row row_type=&#8221;full_width&#8221; type=&#8221;container&#8221; bg_select=&#8221;bg_parallax&#8221; parallax_speed=&#8221;0&#8243; bg_color=&#8221;#ffffff&#8221; p_top=&#8221;70&#8243; anchor=&#8221;contact&#8221; font_color=&#8221;#000000&#8243; p_bottom=&#8221;70&#8243;][vc_column font_color=&#8221;#ffffff&#8221; p_bottom=&#8221;30&#8243; p_top=&#8221;4%&#8221;]<div class=\"wbc-heading clearfix\"><h1 class=\"special-heading-2 md-responsive-text-60\" style=\"font-size:55px;color:#000000;text-align:center;margin-bottom:20px;\"><strong>Contact<\/strong><\/h1><\/div><hr class=\"wbc-hr\" style=\"background-color:#000000;width:80px;height:4px;\" \/><div class=\"wbc-heading clearfix\"><h2 class=\"default-heading\" style=\"font-size:17px;color:#000000;text-align:center;margin-bottom:50px;\">For more information, questions or just to say hi...<\/p>\n<p><strong>Ricardo Antunes \/ Editor<\/strong><\/p>\n<p>contato@revistailustrar.com.br<\/h2><\/div>[vc_single_image image=&#8221;216&#8243; img_size=&#8221;full&#8221; alignment=&#8221;center&#8221;]<hr class=\"wbc-hr\" style=\"background-color:#000000;width:80px;height:4px;\" \/>[vc_empty_space height=&#8221;20px&#8221;]<div class=\"wbc-heading clearfix\"><h2 class=\"default-heading\" style=\"font-size:17px;color:#000000;text-align:center;margin-bottom:50px;\">ILLUSTRAR MAGAZINE \u20a2 2022 - All Rights Reserved<\/h2><\/div>[\/vc_column][vc_column][\/vc_column][\/vc_row]<\/p>\n<\/div>","protected":false},"excerpt":{"rendered":"<p>[vc_row row_type=&#8221;full_width&#8221; type=&#8221;container&#8221; bg_select=&#8221;bg_parallax&#8221; parallax_speed=&#8221;0&#8243; bg_color=&#8221;#ffffff&#8221; p_top=&#8221;200&#8243;][vc_column width=&#8221;1\/2&#8243; font_color=&#8221;#ffffff&#8221; p_bottom=&#8221;30&#8243; p_top=&#8221;4%&#8221;][\/vc_column][vc_column width=&#8221;1\/2&#8243;][vc_single_image image=&#8221;173&#8243; img_size=&#8221;full&#8221; alignment=&#8221;center&#8221;][\/vc_column][vc_column][vc_empty_space height=&#8221;200px&#8221;][\/vc_column][\/vc_row][vc_row row_type=&#8221;full_width&#8221; type=&#8221;container&#8221; bg_select=&#8221;bg_color_section&#8221; p_top=&#8221;70&#8243; p_bottom=&#8221;70&#8243; border_color=&#8221;#ffffff&#8221; anchor=&#8221;about&#8221;][vc_column][\/vc_column][vc_column offset=&#8221;vc_col-md-4&#8243;][vc_empty_space height=&#8221;80px&#8221;][\/vc_column][vc_column offset=&#8221;vc_col-md-4&#8243;][vc_single_image image=&#8221;174&#8243; img_size=&#8221;full&#8221; alignment=&#8221;center&#8221; css_animation=&#8221;bottom-to-top&#8221;][\/vc_column][vc_column offset=&#8221;vc_col-md-4&#8243;][vc_empty_space height=&#8221;80px&#8221;][\/vc_column][vc_column][vc_empty_space height=&#8221;64px&#8221;][\/vc_column][\/vc_row][vc_row row_type=&#8221;full_width&#8221; type=&#8221;container&#8221; p_top=&#8221;70&#8243; p_bottom=&#8221;2&#8243; anchor=&#8221;ilustrarmagazine&#8221;][vc_column][\/vc_column][vc_column width=&#8221;1\/5&#8243;][vc_single_image image=&#8221;1029&#8243; img_size=&#8221;full&#8221; alignment=&#8221;center&#8221; style=&#8221;vc_box_outline&#8221; onclick=&#8221;link_image&#8221; css_animation=&#8221;top-to-bottom&#8221; css=&#8221;&#8221;][vc_btn title=&#8221;FREE DOWNLOAD .PDF&#8221; color=&#8221;danger&#8221; size=&#8221;sm&#8221; align=&#8221;center&#8221; css_animation=&#8221;fadeIn&#8221; css=&#8221;&#8221; link=&#8221;url:https%3A%2F%2Frevistailustrar.com.br%2Fwp-content%2Fuploads%2F2026%2F03%2Filustrar-54-English.pdf|target:_blank&#8221;][vc_column_text [&hellip;]<\/p>\n","protected":false},"author":1,"featured_media":0,"parent":0,"menu_order":0,"comment_status":"closed","ping_status":"closed","template":"","meta":{"footnotes":""},"class_list":["post-8","page","type-page","status-publish","hentry"],"_links":{"self":[{"href":"https:\/\/revistailustrar.com.br\/en\/wp-json\/wp\/v2\/pages\/8","targetHints":{"allow":["GET"]}}],"collection":[{"href":"https:\/\/revistailustrar.com.br\/en\/wp-json\/wp\/v2\/pages"}],"about":[{"href":"https:\/\/revistailustrar.com.br\/en\/wp-json\/wp\/v2\/types\/page"}],"author":[{"embeddable":true,"href":"https:\/\/revistailustrar.com.br\/en\/wp-json\/wp\/v2\/users\/1"}],"replies":[{"embeddable":true,"href":"https:\/\/revistailustrar.com.br\/en\/wp-json\/wp\/v2\/comments?post=8"}],"version-history":[{"count":529,"href":"https:\/\/revistailustrar.com.br\/en\/wp-json\/wp\/v2\/pages\/8\/revisions"}],"predecessor-version":[{"id":1032,"href":"https:\/\/revistailustrar.com.br\/en\/wp-json\/wp\/v2\/pages\/8\/revisions\/1032"}],"wp:attachment":[{"href":"https:\/\/revistailustrar.com.br\/en\/wp-json\/wp\/v2\/media?parent=8"}],"curies":[{"name":"wp","href":"https:\/\/api.w.org\/{rel}","templated":true}]}}